{"id":7379,"date":"2022-10-05T20:36:03","date_gmt":"2022-10-05T20:36:03","guid":{"rendered":"https:\/\/truiestructuras.es\/?page_id=7379"},"modified":"2023-08-08T10:54:48","modified_gmt":"2023-08-08T10:54:48","slug":"stands","status":"publish","type":"page","link":"https:\/\/truiestructuras.es\/de\/produkte\/steht\/","title":{"rendered":"Standmiete auf Mallorca"},"content":{"rendered":"<div data-elementor-type=\"wp-page\" data-elementor-id=\"7379\" class=\"elementor elementor-7379\">\n\t\t\t\t\t\t\t\t\t<section class=\"elementor-section elementor-top-section elementor-element elementor-element-d304a1b elementor-section-boxed elementor-section-height-default elementor-section-height-default\" data-id=\"d304a1b\" data-element_type=\"section\" data-settings=\"{&quot;background_background&quot;:&quot;classic&quot;}\">\n\t\t\t\t\t\t<div class=\"elementor-container elementor-column-gap-default\">\n\t\t\t\t\t<div class=\"elementor-column elementor-col-100 elementor-top-column elementor-element elementor-element-eb8690e\" data-id=\"eb8690e\" data-element_type=\"column\">\n\t\t\t<div class=\"elementor-widget-wrap elementor-element-populated\">\n\t\t\t\t\t\t\t\t<div class=\"elementor-element elementor-element-f5412d9 elementor-widget elementor-widget-heading\" data-id=\"f5412d9\" data-element_type=\"widget\" data-widget_type=\"heading.default\">\n\t\t\t\t<div class=\"elementor-widget-container\">\n\t\t\t<style>\/*! elementor - v3.7.8 - 02-10-2022 *\/\n.elementor-heading-title{padding:0;margin:0;line-height:1}.elementor-widget-heading .elementor-heading-title[class*=elementor-size-]>a{color:inherit;font-size:inherit;line-height:inherit}.elementor-widget-heading .elementor-heading-title.elementor-size-small{font-size:15px}.elementor-widget-heading .elementor-heading-title.elementor-size-medium{font-size:19px}.elementor-widget-heading .elementor-heading-title.elementor-size-large{font-size:29px}.elementor-widget-heading .elementor-heading-title.elementor-size-xl{font-size:39px}.elementor-widget-heading .elementor-heading-title.elementor-size-xxl{font-size:59px}<\/style><h2 class=\"elementor-heading-title elementor-size-default\">Vermietung und Aufbau von St\u00e4nden auf Mallorca: L\u00f6sungen f\u00fcr Messen und Events<\/h2>\t\t<\/div>\n\t\t\t\t<\/div>\n\t\t\t\t<div class=\"elementor-element elementor-element-8038693 elementor-widget elementor-widget-text-editor\" data-id=\"8038693\" data-element_type=\"widget\" data-widget_type=\"text-editor.default\">\n\t\t\t\t<div class=\"elementor-widget-container\">\n\t\t\t<style>\/*! elementor - v3.7.8 - 02-10-2022 *\/\n.elementor-widget-text-editor.elementor-drop-cap-view-stacked .elementor-drop-cap{background-color:#818a91;color:#fff}.elementor-widget-text-editor.elementor-drop-cap-view-framed .elementor-drop-cap{color:#818a91;border:3px solid;background-color:transparent}.elementor-widget-text-editor:not(.elementor-drop-cap-view-default) .elementor-drop-cap{margin-top:8px}.elementor-widget-text-editor:not(.elementor-drop-cap-view-default) .elementor-drop-cap-letter{width:1em;height:1em}.elementor-widget-text-editor .elementor-drop-cap{float:left;text-align:center;line-height:1;font-size:50px}.elementor-widget-text-editor .elementor-drop-cap-letter{display:inline-block}<\/style>\t\t\t\t<p><span style=\"font-weight: 400;\">Wir bei TRUI ESTRUCTURAS sind stolz darauf, Ihr vertrauensw\u00fcrdiger Partner bei der Vermietung und Montage von St\u00e4nden auf Mallorca zu sein. Ob f\u00fcr Messen oder Veranstaltungen, wir entwerfen und fertigen St\u00e4nde, die sich an die individuellen Bed\u00fcrfnisse Ihres Unternehmens anpassen und individuelle L\u00f6sungen von h\u00f6chster Qualit\u00e4t bieten.<\/span><\/p>\n\t\t\t\t\t\t<\/div>\n\t\t\t\t<\/div>\n\t\t\t\t<div class=\"elementor-element elementor-element-760ce60 elementor-widget elementor-widget-heading\" data-id=\"760ce60\" data-element_type=\"widget\" data-widget_type=\"heading.default\">\n\t\t\t\t<div class=\"elementor-widget-container\">\n\t\t\t<h3 class=\"elementor-heading-title elementor-size-default\">Entwurf und Montage von St\u00e4nden nach Ihren Ma\u00dfen \n<\/h3>\t\t<\/div>\n\t\t\t\t<\/div>\n\t\t\t\t<div class=\"elementor-element elementor-element-840ba4e elementor-widget elementor-widget-text-editor\" data-id=\"840ba4e\" data-element_type=\"widget\" data-widget_type=\"text-editor.default\">\n\t\t\t\t<div class=\"elementor-widget-container\">\n\t\t\t\t\t\t\t<p><span style=\"font-weight: 400;\">Bei TRUI ESTRUCTURAS verstehen wir Ihre Ziele. Jedes von uns durchgef\u00fchrte Projekt ist darauf ausgelegt, Ihre Erwartungen zu erf\u00fcllen und Ihre Markenidentit\u00e4t widerzuspiegeln. Vom Design bis zur Fertigung und Montage arbeiten wir mit innovativen Ideen und hochwertigen Materialien, um St\u00e4nde zu schaffen, die Eindruck machen.<\/span><\/p>\n\t\t\t\t\t\t<\/div>\n\t\t\t\t<\/div>\n\t\t\t\t\t<\/div>\n\t\t<\/div>\n\t\t\t\t\t\t\t<\/div>\n\t\t<\/section>\n\t\t\t\t<section class=\"elementor-section elementor-top-section elementor-element elementor-element-0d88394 elementor-section-boxed elementor-section-height-default elementor-section-height-default\" data-id=\"0d88394\" data-element_type=\"section\">\n\t\t\t\t\t\t<div class=\"elementor-container elementor-column-gap-default\">\n\t\t\t\t\t<div class=\"elementor-column elementor-col-100 elementor-top-column elementor-element elementor-element-7d464eb\" data-id=\"7d464eb\" data-element_type=\"column\">\n\t\t\t<div class=\"elementor-widget-wrap elementor-element-populated\">\n\t\t\t\t\t\t\t\t<div class=\"elementor-element elementor-element-4af8ca7 elementor-widget elementor-widget-heading\" data-id=\"4af8ca7\" data-element_type=\"widget\" data-widget_type=\"heading.default\">\n\t\t\t\t<div class=\"elementor-widget-container\">\n\t\t\t<h2 class=\"elementor-heading-title elementor-size-default\">St\u00e4nde f\u00fcr Veranstaltungen und Messen auf Mallorca<\/h2>\t\t<\/div>\n\t\t\t\t<\/div>\n\t\t\t\t<div class=\"elementor-element elementor-element-ab47133 elementor-widget elementor-widget-text-editor\" data-id=\"ab47133\" data-element_type=\"widget\" data-widget_type=\"text-editor.default\">\n\t\t\t\t<div class=\"elementor-widget-container\">\n\t\t\t\t\t\t\t<p><span style=\"font-weight: 400;\">Unsere St\u00e4nde sind die perfekte Plattform, um Ihr Unternehmen auf Veranstaltungen und Messen zu bewerben. Von modularen St\u00e4nden bis hin zu kundenspezifischen Designs passt sich unser Angebot an Optionen an unterschiedliche Situationen und Standorte an und bietet wirtschaftliche und vielseitige L\u00f6sungen.<\/span><\/p>\n\t\t\t\t\t\t<\/div>\n\t\t\t\t<\/div>\n\t\t\t\t\t<\/div>\n\t\t<\/div>\n\t\t\t\t\t\t\t<\/div>\n\t\t<\/section>\n\t\t\t\t<section class=\"elementor-section elementor-top-section elementor-element elementor-element-666bbf9 elementor-section-boxed elementor-section-height-default elementor-section-height-default\" data-id=\"666bbf9\" data-element_type=\"section\" data-settings=\"{&quot;background_background&quot;:&quot;classic&quot;}\">\n\t\t\t\t\t\t<div class=\"elementor-container elementor-column-gap-default\">\n\t\t\t\t\t<div class=\"elementor-column elementor-col-50 elementor-top-column elementor-element elementor-element-8afdadc\" data-id=\"8afdadc\" data-element_type=\"column\">\n\t\t\t<div class=\"elementor-widget-wrap elementor-element-populated\">\n\t\t\t\t\t\t\t\t<div class=\"elementor-element elementor-element-dafc3b3 elementor-pagination-position-outside elementor-widget elementor-widget-image-carousel\" data-id=\"dafc3b3\" data-element_type=\"widget\" data-settings=\"{&quot;slides_to_show&quot;:&quot;1&quot;,&quot;navigation&quot;:&quot;dots&quot;,&quot;autoplay&quot;:&quot;yes&quot;,&quot;pause_on_hover&quot;:&quot;yes&quot;,&quot;pause_on_interaction&quot;:&quot;yes&quot;,&quot;autoplay_speed&quot;:5000,&quot;infinite&quot;:&quot;yes&quot;,&quot;effect&quot;:&quot;slide&quot;,&quot;speed&quot;:500}\" data-widget_type=\"image-carousel.default\">\n\t\t\t\t<div class=\"elementor-widget-container\">\n\t\t\t<style>\/*! elementor - v3.7.8 - 02-10-2022 *\/\n.elementor-widget-image-carousel .swiper-container{position:static}.elementor-widget-image-carousel .swiper-container .swiper-slide figure{line-height:inherit}.elementor-widget-image-carousel .swiper-slide{text-align:center}.elementor-image-carousel-wrapper:not(.swiper-container-initialized) .swiper-slide{max-width:calc(100% \/ var(--e-image-carousel-slides-to-show, 3))}<\/style>\t\t<div class=\"elementor-image-carousel-wrapper swiper-container\" dir=\"ltr\">\n\t\t\t<div class=\"elementor-image-carousel swiper-wrapper swiper-image-stretch\">\n\t\t\t\t\t\t\t\t<div class=\"swiper-slide\"><figure class=\"swiper-slide-inner\"><img class=\"swiper-slide-image\" src=\"https:\/\/truiestructuras.es\/wp-content\/uploads\/2022\/10\/stand1-540x371-1.jpg\" alt=\"Stand1-540x371\" \/><\/figure><\/div><div class=\"swiper-slide\"><figure class=\"swiper-slide-inner\"><img class=\"swiper-slide-image\" src=\"https:\/\/truiestructuras.es\/wp-content\/uploads\/2022\/10\/stand2-540x371-1.jpg\" alt=\"Stand2-540x371\" \/><\/figure><\/div><div class=\"swiper-slide\"><figure class=\"swiper-slide-inner\"><img class=\"swiper-slide-image\" src=\"https:\/\/truiestructuras.es\/wp-content\/uploads\/2022\/10\/stand3-540x371-1.jpg\" alt=\"Stand3-540x371\" \/><\/figure><\/div><div class=\"swiper-slide\"><figure class=\"swiper-slide-inner\"><img class=\"swiper-slide-image\" src=\"https:\/\/truiestructuras.es\/wp-content\/uploads\/2022\/10\/stand4-540x371-1.jpg\" alt=\"Stand4-540x371\" \/><\/figure><\/div><div class=\"swiper-slide\"><figure class=\"swiper-slide-inner\"><img class=\"swiper-slide-image\" src=\"https:\/\/truiestructuras.es\/wp-content\/uploads\/2022\/10\/stand5-540x371-1.jpg\" alt=\"Stand5-540x371\" \/><\/figure><\/div>\t\t\t<\/div>\n\t\t\t\t\t\t\t\t\t\t\t\t<div class=\"swiper-pagination\"><\/div>\n\t\t\t\t\t\t\t\t\t\t\t\t\t<\/div>\n\t\t\t\t<\/div>\n\t\t\t\t<\/div>\n\t\t\t\t\t<\/div>\n\t\t<\/div>\n\t\t\t\t<div class=\"elementor-column elementor-col-50 elementor-top-column elementor-element elementor-element-a22e818\" data-id=\"a22e818\" data-element_type=\"column\">\n\t\t\t<div class=\"elementor-widget-wrap elementor-element-populated\">\n\t\t\t\t\t\t\t\t<div class=\"elementor-element elementor-element-4cf8b83 elementor-widget elementor-widget-heading\" data-id=\"4cf8b83\" data-element_type=\"widget\" data-widget_type=\"heading.default\">\n\t\t\t\t<div class=\"elementor-widget-container\">\n\t\t\t<h3 class=\"elementor-heading-title elementor-size-default\">EXPOHABITAT<\/h3>\t\t<\/div>\n\t\t\t\t<\/div>\n\t\t\t\t<div class=\"elementor-element elementor-element-21a8a37 elementor-widget elementor-widget-text-editor\" data-id=\"21a8a37\" data-element_type=\"widget\" data-widget_type=\"text-editor.default\">\n\t\t\t\t<div class=\"elementor-widget-container\">\n\t\t\t\t\t\t\t<p class=\"producto-info-title\">Aufbau und Vermietung von St\u00e4nden f\u00fcr die Mallorca Home Fair.<\/p>\n\t\t\t\t\t\t<\/div>\n\t\t\t\t<\/div>\n\t\t\t\t\t<\/div>\n\t\t<\/div>\n\t\t\t\t\t\t\t<\/div>\n\t\t<\/section>\n\t\t\t\t<section class=\"elementor-section elementor-top-section elementor-element elementor-element-3206aff elementor-section-boxed elementor-section-height-default elementor-section-height-default\" data-id=\"3206aff\" data-element_type=\"section\" data-settings=\"{&quot;background_background&quot;:&quot;classic&quot;}\">\n\t\t\t\t\t\t<div class=\"elementor-container elementor-column-gap-default\">\n\t\t\t\t\t<div class=\"elementor-column elementor-col-50 elementor-top-column elementor-element elementor-element-4f9a361\" data-id=\"4f9a361\" data-element_type=\"column\">\n\t\t\t<div class=\"elementor-widget-wrap elementor-element-populated\">\n\t\t\t\t\t\t\t\t<div class=\"elementor-element elementor-element-c7331f7 elementor-pagination-position-outside elementor-widget elementor-widget-image-carousel\" data-id=\"c7331f7\" data-element_type=\"widget\" data-settings=\"{&quot;slides_to_show&quot;:&quot;1&quot;,&quot;navigation&quot;:&quot;dots&quot;,&quot;autoplay&quot;:&quot;yes&quot;,&quot;pause_on_hover&quot;:&quot;yes&quot;,&quot;pause_on_interaction&quot;:&quot;yes&quot;,&quot;autoplay_speed&quot;:5000,&quot;infinite&quot;:&quot;yes&quot;,&quot;effect&quot;:&quot;slide&quot;,&quot;speed&quot;:500}\" data-widget_type=\"image-carousel.default\">\n\t\t\t\t<div class=\"elementor-widget-container\">\n\t\t\t\t\t<div class=\"elementor-image-carousel-wrapper swiper-container\" dir=\"ltr\">\n\t\t\t<div class=\"elementor-image-carousel swiper-wrapper swiper-image-stretch\">\n\t\t\t\t\t\t\t\t<div class=\"swiper-slide\"><figure class=\"swiper-slide-inner\"><img class=\"swiper-slide-image\" src=\"https:\/\/truiestructuras.es\/wp-content\/uploads\/2022\/10\/horeca1-stand-540x371-1.jpg\" alt=\"horeca1-stand-540x371\" \/><\/figure><\/div><div class=\"swiper-slide\"><figure class=\"swiper-slide-inner\"><img class=\"swiper-slide-image\" src=\"https:\/\/truiestructuras.es\/wp-content\/uploads\/2022\/10\/horeca2-stand-540x371-1.jpg\" alt=\"horeca2-stand-540x371\" \/><\/figure><\/div><div class=\"swiper-slide\"><figure class=\"swiper-slide-inner\"><img class=\"swiper-slide-image\" src=\"https:\/\/truiestructuras.es\/wp-content\/uploads\/2022\/10\/horeca3-stand-540x371-1.jpg\" alt=\"Horeca3-Stand-540x371\" \/><\/figure><\/div><div class=\"swiper-slide\"><figure class=\"swiper-slide-inner\"><img class=\"swiper-slide-image\" src=\"https:\/\/truiestructuras.es\/wp-content\/uploads\/2022\/10\/horeca4-stand-540x371-1.jpg\" alt=\"Horeca4-Stand-540x371\" \/><\/figure><\/div>\t\t\t<\/div>\n\t\t\t\t\t\t\t\t\t\t\t\t<div class=\"swiper-pagination\"><\/div>\n\t\t\t\t\t\t\t\t\t\t\t\t\t<\/div>\n\t\t\t\t<\/div>\n\t\t\t\t<\/div>\n\t\t\t\t\t<\/div>\n\t\t<\/div>\n\t\t\t\t<div class=\"elementor-column elementor-col-50 elementor-top-column elementor-element elementor-element-3c8b396\" data-id=\"3c8b396\" data-element_type=\"column\">\n\t\t\t<div class=\"elementor-widget-wrap elementor-element-populated\">\n\t\t\t\t\t\t\t\t<div class=\"elementor-element elementor-element-5aa6234 elementor-widget elementor-widget-heading\" data-id=\"5aa6234\" data-element_type=\"widget\" data-widget_type=\"heading.default\">\n\t\t\t\t<div class=\"elementor-widget-container\">\n\t\t\t<h3 class=\"elementor-heading-title elementor-size-default\">HORECA 2018<\/h3>\t\t<\/div>\n\t\t\t\t<\/div>\n\t\t\t\t<div class=\"elementor-element elementor-element-fb2a4b3 elementor-widget elementor-widget-text-editor\" data-id=\"fb2a4b3\" data-element_type=\"widget\" data-widget_type=\"text-editor.default\">\n\t\t\t\t<div class=\"elementor-widget-container\">\n\t\t\t\t\t\t\t<p class=\"producto-info-title\">Aufbau und Vermietung von St\u00e4nden f\u00fcr die Hotel- und Restaurantmesse Mallorca.<\/p>\n\t\t\t\t\t\t<\/div>\n\t\t\t\t<\/div>\n\t\t\t\t\t<\/div>\n\t\t<\/div>\n\t\t\t\t\t\t\t<\/div>\n\t\t<\/section>\n\t\t\t\t<section class=\"elementor-section elementor-top-section elementor-element elementor-element-b377ecd elementor-section-boxed elementor-section-height-default elementor-section-height-default\" data-id=\"b377ecd\" data-element_type=\"section\" data-settings=\"{&quot;background_background&quot;:&quot;classic&quot;}\">\n\t\t\t\t\t\t<div class=\"elementor-container elementor-column-gap-default\">\n\t\t\t\t\t<div class=\"elementor-column elementor-col-50 elementor-top-column elementor-element elementor-element-43b95ea\" data-id=\"43b95ea\" data-element_type=\"column\">\n\t\t\t<div class=\"elementor-widget-wrap elementor-element-populated\">\n\t\t\t\t\t\t\t\t<div class=\"elementor-element elementor-element-ec33c63 elementor-pagination-position-outside elementor-widget elementor-widget-image-carousel\" data-id=\"ec33c63\" data-element_type=\"widget\" data-settings=\"{&quot;slides_to_show&quot;:&quot;1&quot;,&quot;navigation&quot;:&quot;dots&quot;,&quot;autoplay&quot;:&quot;yes&quot;,&quot;pause_on_hover&quot;:&quot;yes&quot;,&quot;pause_on_interaction&quot;:&quot;yes&quot;,&quot;autoplay_speed&quot;:5000,&quot;infinite&quot;:&quot;yes&quot;,&quot;effect&quot;:&quot;slide&quot;,&quot;speed&quot;:500}\" data-widget_type=\"image-carousel.default\">\n\t\t\t\t<div class=\"elementor-widget-container\">\n\t\t\t\t\t<div class=\"elementor-image-carousel-wrapper swiper-container\" dir=\"ltr\">\n\t\t\t<div class=\"elementor-image-carousel swiper-wrapper swiper-image-stretch\">\n\t\t\t\t\t\t\t\t<div class=\"swiper-slide\"><figure class=\"swiper-slide-inner\"><img class=\"swiper-slide-image\" src=\"https:\/\/truiestructuras.es\/wp-content\/uploads\/2022\/10\/pinpa-1-540x371-1.jpg\" alt=\"pinpa-1-540x371\" \/><\/figure><\/div><div class=\"swiper-slide\"><figure class=\"swiper-slide-inner\"><img class=\"swiper-slide-image\" src=\"https:\/\/truiestructuras.es\/wp-content\/uploads\/2022\/10\/pinpa-2-540x371-1.jpg\" alt=\"pinpa-2-540x371\" \/><\/figure><\/div><div class=\"swiper-slide\"><figure class=\"swiper-slide-inner\"><img class=\"swiper-slide-image\" src=\"https:\/\/truiestructuras.es\/wp-content\/uploads\/2022\/10\/pinpa-3-540x371-1.jpg\" alt=\"pinpa-3-540x371\" \/><\/figure><\/div><div class=\"swiper-slide\"><figure class=\"swiper-slide-inner\"><img class=\"swiper-slide-image\" src=\"https:\/\/truiestructuras.es\/wp-content\/uploads\/2022\/10\/pinpa-4-540x371-1.jpg\" alt=\"pinpa-4-540x371\" \/><\/figure><\/div>\t\t\t<\/div>\n\t\t\t\t\t\t\t\t\t\t\t\t<div class=\"swiper-pagination\"><\/div>\n\t\t\t\t\t\t\t\t\t\t\t\t\t<\/div>\n\t\t\t\t<\/div>\n\t\t\t\t<\/div>\n\t\t\t\t\t<\/div>\n\t\t<\/div>\n\t\t\t\t<div class=\"elementor-column elementor-col-50 elementor-top-column elementor-element elementor-element-c9214cc\" data-id=\"c9214cc\" data-element_type=\"column\">\n\t\t\t<div class=\"elementor-widget-wrap elementor-element-populated\">\n\t\t\t\t\t\t\t\t<div class=\"elementor-element elementor-element-f3a16da elementor-widget elementor-widget-heading\" data-id=\"f3a16da\" data-element_type=\"widget\" data-widget_type=\"heading.default\">\n\t\t\t\t<div class=\"elementor-widget-container\">\n\t\t\t<h3 class=\"elementor-heading-title elementor-size-default\">WTA-TENNIS<\/h3>\t\t<\/div>\n\t\t\t\t<\/div>\n\t\t\t\t<div class=\"elementor-element elementor-element-56ab20d elementor-widget elementor-widget-text-editor\" data-id=\"56ab20d\" data-element_type=\"widget\" data-widget_type=\"text-editor.default\">\n\t\t\t\t<div class=\"elementor-widget-container\">\n\t\t\t\t\t\t\t<p class=\"producto-info-title\">Montage von St\u00e4nden f\u00fcr Sportveranstaltungen<\/p>\n\t\t\t\t\t\t<\/div>\n\t\t\t\t<\/div>\n\t\t\t\t\t<\/div>\n\t\t<\/div>\n\t\t\t\t\t\t\t<\/div>\n\t\t<\/section>\n\t\t\t\t<section class=\"elementor-section elementor-top-section elementor-element elementor-element-9f586e3 elementor-section-boxed elementor-section-height-default elementor-section-height-default\" data-id=\"9f586e3\" data-element_type=\"section\" data-settings=\"{&quot;background_background&quot;:&quot;classic&quot;}\">\n\t\t\t\t\t\t<div class=\"elementor-container elementor-column-gap-default\">\n\t\t\t\t\t<div class=\"elementor-column elementor-col-50 elementor-top-column elementor-element elementor-element-60e13cf\" data-id=\"60e13cf\" data-element_type=\"column\">\n\t\t\t<div class=\"elementor-widget-wrap elementor-element-populated\">\n\t\t\t\t\t\t\t\t<div class=\"elementor-element elementor-element-22ccadb elementor-pagination-position-outside elementor-widget elementor-widget-image-carousel\" data-id=\"22ccadb\" data-element_type=\"widget\" data-settings=\"{&quot;slides_to_show&quot;:&quot;1&quot;,&quot;navigation&quot;:&quot;dots&quot;,&quot;autoplay&quot;:&quot;yes&quot;,&quot;pause_on_hover&quot;:&quot;yes&quot;,&quot;pause_on_interaction&quot;:&quot;yes&quot;,&quot;autoplay_speed&quot;:5000,&quot;infinite&quot;:&quot;yes&quot;,&quot;effect&quot;:&quot;slide&quot;,&quot;speed&quot;:500}\" data-widget_type=\"image-carousel.default\">\n\t\t\t\t<div class=\"elementor-widget-container\">\n\t\t\t\t\t<div class=\"elementor-image-carousel-wrapper swiper-container\" dir=\"ltr\">\n\t\t\t<div class=\"elementor-image-carousel swiper-wrapper swiper-image-stretch\">\n\t\t\t\t\t\t\t\t<div class=\"swiper-slide\"><figure class=\"swiper-slide-inner\"><img class=\"swiper-slide-image\" src=\"https:\/\/truiestructuras.es\/wp-content\/uploads\/2022\/10\/ibatur-barcelona-540x371-1.jpg\" alt=\"ibatur-barcelona-540x371\" \/><\/figure><\/div>\t\t\t<\/div>\n\t\t\t\t\t<\/div>\n\t\t\t\t<\/div>\n\t\t\t\t<\/div>\n\t\t\t\t\t<\/div>\n\t\t<\/div>\n\t\t\t\t<div class=\"elementor-column elementor-col-50 elementor-top-column elementor-element elementor-element-ca0a991\" data-id=\"ca0a991\" data-element_type=\"column\">\n\t\t\t<div class=\"elementor-widget-wrap elementor-element-populated\">\n\t\t\t\t\t\t\t\t<div class=\"elementor-element elementor-element-9f9c44e elementor-widget elementor-widget-heading\" data-id=\"9f9c44e\" data-element_type=\"widget\" data-widget_type=\"heading.default\">\n\t\t\t\t<div class=\"elementor-widget-container\">\n\t\t\t<h3 class=\"elementor-heading-title elementor-size-default\">IBATUR BARCELONA<\/h3>\t\t<\/div>\n\t\t\t\t<\/div>\n\t\t\t\t<div class=\"elementor-element elementor-element-76e4564 elementor-widget elementor-widget-text-editor\" data-id=\"76e4564\" data-element_type=\"widget\" data-widget_type=\"text-editor.default\">\n\t\t\t\t<div class=\"elementor-widget-container\">\n\t\t\t\t\t\t\t<p class=\"producto-info-title\">Aufbau eines Holzstandes zur Darstellung der Balearen auf der Tourismusmesse in Barcelona.<\/p>\n\t\t\t\t\t\t<\/div>\n\t\t\t\t<\/div>\n\t\t\t\t\t<\/div>\n\t\t<\/div>\n\t\t\t\t\t\t\t<\/div>\n\t\t<\/section>\n\t\t\t\t<section class=\"elementor-section elementor-top-section elementor-element elementor-element-76e3126 elementor-section-boxed elementor-section-height-default elementor-section-height-default\" data-id=\"76e3126\" data-element_type=\"section\" data-settings=\"{&quot;background_background&quot;:&quot;classic&quot;}\">\n\t\t\t\t\t\t<div class=\"elementor-container elementor-column-gap-default\">\n\t\t\t\t\t<div class=\"elementor-column elementor-col-50 elementor-top-column elementor-element elementor-element-6aeef88\" data-id=\"6aeef88\" data-element_type=\"column\">\n\t\t\t<div class=\"elementor-widget-wrap elementor-element-populated\">\n\t\t\t\t\t\t\t\t<div class=\"elementor-element elementor-element-483e98a elementor-pagination-position-outside elementor-widget elementor-widget-image-carousel\" data-id=\"483e98a\" data-element_type=\"widget\" data-settings=\"{&quot;slides_to_show&quot;:&quot;1&quot;,&quot;navigation&quot;:&quot;dots&quot;,&quot;autoplay&quot;:&quot;yes&quot;,&quot;pause_on_hover&quot;:&quot;yes&quot;,&quot;pause_on_interaction&quot;:&quot;yes&quot;,&quot;autoplay_speed&quot;:5000,&quot;infinite&quot;:&quot;yes&quot;,&quot;effect&quot;:&quot;slide&quot;,&quot;speed&quot;:500}\" data-widget_type=\"image-carousel.default\">\n\t\t\t\t<div class=\"elementor-widget-container\">\n\t\t\t\t\t<div class=\"elementor-image-carousel-wrapper swiper-container\" dir=\"ltr\">\n\t\t\t<div class=\"elementor-image-carousel swiper-wrapper swiper-image-stretch\">\n\t\t\t\t\t\t\t\t<div class=\"swiper-slide\"><figure class=\"swiper-slide-inner\"><img class=\"swiper-slide-image\" src=\"https:\/\/truiestructuras.es\/wp-content\/uploads\/2022\/10\/smart-island-540x371-1.jpg\" alt=\"smart-island-540x371\" \/><\/figure><\/div>\t\t\t<\/div>\n\t\t\t\t\t<\/div>\n\t\t\t\t<\/div>\n\t\t\t\t<\/div>\n\t\t\t\t\t<\/div>\n\t\t<\/div>\n\t\t\t\t<div class=\"elementor-column elementor-col-50 elementor-top-column elementor-element elementor-element-29a1821\" data-id=\"29a1821\" data-element_type=\"column\">\n\t\t\t<div class=\"elementor-widget-wrap elementor-element-populated\">\n\t\t\t\t\t\t\t\t<div class=\"elementor-element elementor-element-9cd3cbf elementor-widget elementor-widget-heading\" data-id=\"9cd3cbf\" data-element_type=\"widget\" data-widget_type=\"heading.default\">\n\t\t\t\t<div class=\"elementor-widget-container\">\n\t\t\t<h3 class=\"elementor-heading-title elementor-size-default\">SMARTE STADT<\/h3>\t\t<\/div>\n\t\t\t\t<\/div>\n\t\t\t\t<div class=\"elementor-element elementor-element-9a34245 elementor-widget elementor-widget-text-editor\" data-id=\"9a34245\" data-element_type=\"widget\" data-widget_type=\"text-editor.default\">\n\t\t\t\t<div class=\"elementor-widget-container\">\n\t\t\t\t\t\t\t<p>Aufbau und Vermietung eines Standes f\u00fcr einen Smart City Kongress in der Stadt Barcelona.<\/p>\n\t\t\t\t\t\t<\/div>\n\t\t\t\t<\/div>\n\t\t\t\t\t<\/div>\n\t\t<\/div>\n\t\t\t\t\t\t\t<\/div>\n\t\t<\/section>\n\t\t\t\t<section class=\"elementor-section elementor-top-section elementor-element elementor-element-a745eaa elementor-section-boxed elementor-section-height-default elementor-section-height-default\" data-id=\"a745eaa\" data-element_type=\"section\">\n\t\t\t\t\t\t<div class=\"elementor-container elementor-column-gap-default\">\n\t\t\t\t\t<div class=\"elementor-column elementor-col-100 elementor-top-column elementor-element elementor-element-a8abfec\" data-id=\"a8abfec\" data-element_type=\"column\">\n\t\t\t<div class=\"elementor-widget-wrap elementor-element-populated\">\n\t\t\t\t\t\t\t\t<div class=\"elementor-element elementor-element-9f36f15 elementor-widget elementor-widget-text-editor\" data-id=\"9f36f15\" data-element_type=\"widget\" data-widget_type=\"text-editor.default\">\n\t\t\t\t<div class=\"elementor-widget-container\">\n\t\t\t\t\t\t\t<p>In unserem Produktkatalog bieten wir Ihnen weitere Arten von Aufbauten wie Zelte, B\u00fchnen, Plattformen, TRUSS, sowie M\u00f6bel, Dekoration, Ton- und Lichttechnik. Wenn Sie weitere Informationen zu einem unserer Produkte w\u00fcnschen, kontaktieren Sie uns. Wir erl\u00e4utern Ihnen gerne die verschiedenen Arten von St\u00e4ndern, die wir anbieten, damit Sie den St\u00e4nder ausw\u00e4hlen k\u00f6nnen, der Ihren Anforderungen am besten entspricht.<\/p>\n<p>Wir stellen Ihnen auch andere Dienstleistungen wie Verkauf, Beratung und Montage von Bauwerken auf dem gesamten Balearengebiet zur Verf\u00fcgung.<\/p>\n\t\t\t\t\t\t<\/div>\n\t\t\t\t<\/div>\n\t\t\t\t<div class=\"elementor-element elementor-element-f6dde56 elementor-align-center elementor-widget elementor-widget-button\" data-id=\"f6dde56\" data-element_type=\"widget\" data-widget_type=\"button.default\">\n\t\t\t\t<div class=\"elementor-widget-container\">\n\t\t\t\t\t<div class=\"elementor-button-wrapper icon_align_\">\n\t\t\t<a href=\"\/de\/truiestructuras\/contacto\/\" class=\"elementor-button-link elementor-button elementor-size-sm\" role=\"button\">\n\t\t\t\t\t\t<span class=\"elementor-button-content-wrapper\">\n\t\t\t\t\t\t<span class=\"elementor-button-text\">Fordern Sie ein Angebot an<\/span>\n\t\t<\/span>\n\t\t\t\t\t<\/a>\n\t\t<\/div>\n\t\t\t\t<\/div>\n\t\t\t\t<\/div>\n\t\t\t\t\t<\/div>\n\t\t<\/div>\n\t\t\t\t\t\t\t<\/div>\n\t\t<\/section>\n\t\t\t\t\t\t\t<\/div>","protected":false},"excerpt":{"rendered":"<p>Alquiler y Montaje de Stands en Mallorca: Soluciones para Ferias y Eventos En TRUI ESTRUCTURAS, nos enorgullecemos de ser tu socio de confianza en el alquiler y montaje de stands en Mallorca. Ya sea para ferias o eventos, dise\u00f1amos y fabricamos stands que se adaptan a las necesidades \u00fanicas de tu empresa, ofreciendo soluciones personalizadas<\/p>","protected":false},"author":1,"featured_media":0,"parent":1501,"menu_order":0,"comment_status":"closed","ping_status":"closed","template":"","meta":{"om_disable_all_campaigns":false,"_mi_skip_tracking":false,"_monsterinsights_sitenote_active":false,"_monsterinsights_sitenote_note":"","_monsterinsights_sitenote_category":0},"yoast_head":"<!-- This site is optimized with the Yoast SEO plugin v20.4 - https:\/\/yoast.com\/wordpress\/plugins\/seo\/ -->\n<title>Alquiler de Stands en Mallorca - Trui Estructuras<\/title>\n<meta name=\"description\" content=\"Alquiler de stands en Mallorca y montaje para ferias y eventos. Destaca con stands personalizados y profesionales.\" \/>\n<meta name=\"robots\" content=\"index, follow, max-snippet:-1, max-image-preview:large, max-video-preview:-1\" \/>\n<link rel=\"canonical\" href=\"https:\/\/truiestructuras.es\/de\/produkte\/steht\/\" \/>\n<meta property=\"og:locale\" content=\"de_DE\" \/>\n<meta property=\"og:type\" content=\"article\" \/>\n<meta property=\"og:title\" content=\"Alquiler de Stands en Mallorca - Trui Estructuras\" \/>\n<meta property=\"og:description\" content=\"Alquiler de stands en Mallorca y montaje para ferias y eventos. Destaca con stands personalizados y profesionales.\" \/>\n<meta property=\"og:url\" content=\"https:\/\/truiestructuras.es\/de\/produkte\/steht\/\" \/>\n<meta property=\"og:site_name\" content=\"Trui Estructuras\" \/>\n<meta property=\"article:modified_time\" content=\"2023-08-08T10:54:48+00:00\" \/>\n<meta property=\"og:image\" content=\"https:\/\/truiestructuras.es\/wp-content\/uploads\/2022\/10\/stand1-540x371-1.jpg\" \/>\n<meta name=\"twitter:card\" content=\"summary_large_image\" \/>\n<meta name=\"twitter:label1\" content=\"Gesch\u00e4tzte Lesezeit\" \/>\n\t<meta name=\"twitter:data1\" content=\"5 Minuten\" \/>\n<script type=\"application\/ld+json\" class=\"yoast-schema-graph\">{\"@context\":\"https:\/\/schema.org\",\"@graph\":[{\"@type\":\"WebPage\",\"@id\":\"https:\/\/truiestructuras.es\/productos\/stands\/\",\"url\":\"https:\/\/truiestructuras.es\/productos\/stands\/\",\"name\":\"Alquiler de Stands en Mallorca - Trui Estructuras\",\"isPartOf\":{\"@id\":\"https:\/\/truiestructuras.es\/#website\"},\"datePublished\":\"2022-10-05T20:36:03+00:00\",\"dateModified\":\"2023-08-08T10:54:48+00:00\",\"description\":\"Alquiler de stands en Mallorca y montaje para ferias y eventos. Destaca con stands personalizados y profesionales.\",\"breadcrumb\":{\"@id\":\"https:\/\/truiestructuras.es\/productos\/stands\/#breadcrumb\"},\"inLanguage\":\"de-DE\",\"potentialAction\":[{\"@type\":\"ReadAction\",\"target\":[\"https:\/\/truiestructuras.es\/productos\/stands\/\"]}]},{\"@type\":\"BreadcrumbList\",\"@id\":\"https:\/\/truiestructuras.es\/productos\/stands\/#breadcrumb\",\"itemListElement\":[{\"@type\":\"ListItem\",\"position\":1,\"name\":\"Portada\",\"item\":\"https:\/\/truiestructuras.es\/\"},{\"@type\":\"ListItem\",\"position\":2,\"name\":\"Nuestros Tipos de Estructuras para Eventos\",\"item\":\"https:\/\/truiestructuras.es\/productos\/\"},{\"@type\":\"ListItem\",\"position\":3,\"name\":\"Alquiler de Stands en Mallorca\"}]},{\"@type\":\"WebSite\",\"@id\":\"https:\/\/truiestructuras.es\/#website\",\"url\":\"https:\/\/truiestructuras.es\/\",\"name\":\"Trui Estructuras\",\"description\":\"Estructuras para Eventos en Mallorca\",\"potentialAction\":[{\"@type\":\"SearchAction\",\"target\":{\"@type\":\"EntryPoint\",\"urlTemplate\":\"https:\/\/truiestructuras.es\/?s={search_term_string}\"},\"query-input\":\"required name=search_term_string\"}],\"inLanguage\":\"de-DE\"}]}<\/script>\n<!-- \/ Yoast SEO plugin. -->","yoast_head_json":{"title":"Alquiler de Stands en Mallorca - Trui Estructuras","description":"Alquiler de stands en Mallorca y montaje para ferias y eventos. Destaca con stands personalizados y profesionales.","robots":{"index":"index","follow":"follow","max-snippet":"max-snippet:-1","max-image-preview":"max-image-preview:large","max-video-preview":"max-video-preview:-1"},"canonical":"https:\/\/truiestructuras.es\/de\/produkte\/steht\/","og_locale":"de_DE","og_type":"article","og_title":"Alquiler de Stands en Mallorca - Trui Estructuras","og_description":"Alquiler de stands en Mallorca y montaje para ferias y eventos. Destaca con stands personalizados y profesionales.","og_url":"https:\/\/truiestructuras.es\/de\/produkte\/steht\/","og_site_name":"Trui Estructuras","article_modified_time":"2023-08-08T10:54:48+00:00","og_image":[{"url":"https:\/\/truiestructuras.es\/wp-content\/uploads\/2022\/10\/stand1-540x371-1.jpg"}],"twitter_card":"summary_large_image","twitter_misc":{"Gesch\u00e4tzte Lesezeit":"5 Minuten"},"schema":{"@context":"https:\/\/schema.org","@graph":[{"@type":"WebPage","@id":"https:\/\/truiestructuras.es\/productos\/stands\/","url":"https:\/\/truiestructuras.es\/productos\/stands\/","name":"Alquiler de Stands en Mallorca - Trui Estructuras","isPartOf":{"@id":"https:\/\/truiestructuras.es\/#website"},"datePublished":"2022-10-05T20:36:03+00:00","dateModified":"2023-08-08T10:54:48+00:00","description":"Alquiler de stands en Mallorca y montaje para ferias y eventos. Destaca con stands personalizados y profesionales.","breadcrumb":{"@id":"https:\/\/truiestructuras.es\/productos\/stands\/#breadcrumb"},"inLanguage":"de-DE","potentialAction":[{"@type":"ReadAction","target":["https:\/\/truiestructuras.es\/productos\/stands\/"]}]},{"@type":"BreadcrumbList","@id":"https:\/\/truiestructuras.es\/productos\/stands\/#breadcrumb","itemListElement":[{"@type":"ListItem","position":1,"name":"Portada","item":"https:\/\/truiestructuras.es\/"},{"@type":"ListItem","position":2,"name":"Nuestros Tipos de Estructuras para Eventos","item":"https:\/\/truiestructuras.es\/productos\/"},{"@type":"ListItem","position":3,"name":"Alquiler de Stands en Mallorca"}]},{"@type":"WebSite","@id":"https:\/\/truiestructuras.es\/#website","url":"https:\/\/truiestructuras.es\/","name":"Trui Estructuras","description":"Estructuras para Eventos en Mallorca","potentialAction":[{"@type":"SearchAction","target":{"@type":"EntryPoint","urlTemplate":"https:\/\/truiestructuras.es\/?s={search_term_string}"},"query-input":"required name=search_term_string"}],"inLanguage":"de-DE"}]}},"_links":{"self":[{"href":"https:\/\/truiestructuras.es\/de\/wp-json\/wp\/v2\/pages\/7379"}],"collection":[{"href":"https:\/\/truiestructuras.es\/de\/wp-json\/wp\/v2\/pages"}],"about":[{"href":"https:\/\/truiestructuras.es\/de\/wp-json\/wp\/v2\/types\/page"}],"author":[{"embeddable":true,"href":"https:\/\/truiestructuras.es\/de\/wp-json\/wp\/v2\/users\/1"}],"replies":[{"embeddable":true,"href":"https:\/\/truiestructuras.es\/de\/wp-json\/wp\/v2\/comments?post=7379"}],"version-history":[{"count":37,"href":"https:\/\/truiestructuras.es\/de\/wp-json\/wp\/v2\/pages\/7379\/revisions"}],"predecessor-version":[{"id":8393,"href":"https:\/\/truiestructuras.es\/de\/wp-json\/wp\/v2\/pages\/7379\/revisions\/8393"}],"up":[{"embeddable":true,"href":"https:\/\/truiestructuras.es\/de\/wp-json\/wp\/v2\/pages\/1501"}],"wp:attachment":[{"href":"https:\/\/truiestructuras.es\/de\/wp-json\/wp\/v2\/media?parent=7379"}],"curies":[{"name":"wp","href":"https:\/\/api.w.org\/{rel}","templated":true}]}}