{"id":7427,"date":"2022-10-05T21:12:43","date_gmt":"2022-10-05T21:12:43","guid":{"rendered":"https:\/\/truiestructuras.es\/?page_id=7427"},"modified":"2023-08-08T11:27:39","modified_gmt":"2023-08-08T11:27:39","slug":"tarimas","status":"publish","type":"page","link":"https:\/\/truiestructuras.es\/de\/produkte\/plattformen\/","title":{"rendered":"Plattformen f\u00fcr Veranstaltungen"},"content":{"rendered":"<div data-elementor-type=\"wp-page\" data-elementor-id=\"7427\" class=\"elementor elementor-7427\">\n\t\t\t\t\t\t\t\t\t<section class=\"elementor-section elementor-top-section elementor-element elementor-element-60f2d74 elementor-section-boxed elementor-section-height-default elementor-section-height-default\" data-id=\"60f2d74\" data-element_type=\"section\" data-settings=\"{&quot;background_background&quot;:&quot;classic&quot;}\">\n\t\t\t\t\t\t<div class=\"elementor-container elementor-column-gap-default\">\n\t\t\t\t\t<div class=\"elementor-column elementor-col-100 elementor-top-column elementor-element elementor-element-7e9da86\" data-id=\"7e9da86\" data-element_type=\"column\">\n\t\t\t<div class=\"elementor-widget-wrap elementor-element-populated\">\n\t\t\t\t\t\t\t\t<div class=\"elementor-element elementor-element-e6f7f35 elementor-widget elementor-widget-heading\" data-id=\"e6f7f35\" data-element_type=\"widget\" data-widget_type=\"heading.default\">\n\t\t\t\t<div class=\"elementor-widget-container\">\n\t\t\t<style>\/*! elementor - v3.7.8 - 02-10-2022 *\/\n.elementor-heading-title{padding:0;margin:0;line-height:1}.elementor-widget-heading .elementor-heading-title[class*=elementor-size-]>a{color:inherit;font-size:inherit;line-height:inherit}.elementor-widget-heading .elementor-heading-title.elementor-size-small{font-size:15px}.elementor-widget-heading .elementor-heading-title.elementor-size-medium{font-size:19px}.elementor-widget-heading .elementor-heading-title.elementor-size-large{font-size:29px}.elementor-widget-heading .elementor-heading-title.elementor-size-xl{font-size:39px}.elementor-widget-heading .elementor-heading-title.elementor-size-xxl{font-size:59px}<\/style><h2 class=\"elementor-heading-title elementor-size-default\">Installation von Plattformen f\u00fcr Veranstaltungen auf Mallorca<\/h2>\t\t<\/div>\n\t\t\t\t<\/div>\n\t\t\t\t<div class=\"elementor-element elementor-element-85ed163 elementor-widget elementor-widget-text-editor\" data-id=\"85ed163\" data-element_type=\"widget\" data-widget_type=\"text-editor.default\">\n\t\t\t\t<div class=\"elementor-widget-container\">\n\t\t\t<style>\/*! elementor - v3.7.8 - 02-10-2022 *\/\n.elementor-widget-text-editor.elementor-drop-cap-view-stacked .elementor-drop-cap{background-color:#818a91;color:#fff}.elementor-widget-text-editor.elementor-drop-cap-view-framed .elementor-drop-cap{color:#818a91;border:3px solid;background-color:transparent}.elementor-widget-text-editor:not(.elementor-drop-cap-view-default) .elementor-drop-cap{margin-top:8px}.elementor-widget-text-editor:not(.elementor-drop-cap-view-default) .elementor-drop-cap-letter{width:1em;height:1em}.elementor-widget-text-editor .elementor-drop-cap{float:left;text-align:center;line-height:1;font-size:50px}.elementor-widget-text-editor .elementor-drop-cap-letter{display:inline-block}<\/style>\t\t\t\t<p><span style=\"font-weight: 400;\">Bei TRUI ESTRUCTURAS bieten wir einen kompletten Plattform-Miet- und Montageservice auf Mallorca an. Von Pr\u00e4sentationen bis hin zu Konferenzen und Vortr\u00e4gen bieten unsere Plattformen die perfekte Basis f\u00fcr Ihre Veranstaltungen und steigern das Erlebnis Ihrer Teilnehmer mit Stil und Professionalit\u00e4t.<\/span><\/p>\n<p><span style=\"font-weight: 400;\">Unser Katalog umfasst eine gro\u00dfe Auswahl an Plattformen in verschiedenen Modellen, Gr\u00f6\u00dfen und H\u00f6hen, die sich an jede Art von Veranstaltung anpassen lassen. Von Rosco-St\u00e4nden \u00fcber Messegel\u00e4nde bis hin zu Tanzfl\u00e4chen bieten wir Ihnen vielseitige M\u00f6glichkeiten, die Ihren Bed\u00fcrfnissen gerecht werden und Ihren Pr\u00e4sentationen einen Hauch von Eleganz verleihen.<\/span><\/p>\n\t\t\t\t\t\t<\/div>\n\t\t\t\t<\/div>\n\t\t\t\t\t<\/div>\n\t\t<\/div>\n\t\t\t\t\t\t\t<\/div>\n\t\t<\/section>\n\t\t\t\t<section class=\"elementor-section elementor-top-section elementor-element elementor-element-f1a763f elementor-section-boxed elementor-section-height-default elementor-section-height-default\" data-id=\"f1a763f\" data-element_type=\"section\">\n\t\t\t\t\t\t<div class=\"elementor-container elementor-column-gap-default\">\n\t\t\t\t\t<div class=\"elementor-column elementor-col-100 elementor-top-column elementor-element elementor-element-9b37052\" data-id=\"9b37052\" data-element_type=\"column\">\n\t\t\t<div class=\"elementor-widget-wrap elementor-element-populated\">\n\t\t\t\t\t\t\t\t<div class=\"elementor-element elementor-element-a02e099 elementor-widget elementor-widget-heading\" data-id=\"a02e099\" data-element_type=\"widget\" data-widget_type=\"heading.default\">\n\t\t\t\t<div class=\"elementor-widget-container\">\n\t\t\t<h2 class=\"elementor-heading-title elementor-size-default\">Montage von Plattformen auf Mallorca: Personalisierung und Qualit\u00e4t<\/h2>\t\t<\/div>\n\t\t\t\t<\/div>\n\t\t\t\t<div class=\"elementor-element elementor-element-6ab91aa elementor-widget elementor-widget-text-editor\" data-id=\"6ab91aa\" data-element_type=\"widget\" data-widget_type=\"text-editor.default\">\n\t\t\t\t<div class=\"elementor-widget-container\">\n\t\t\t\t\t\t\t<p><span style=\"font-weight: 400;\">Bei TRUI ESTRUCTURAS wissen wir, wie wichtig die Personalisierung Ihrer Veranstaltungen ist. Aus diesem Grund k\u00f6nnen unsere Podeste mit farbigem Teppich oder Parkett belegt werden und sorgen so f\u00fcr ein edles, an Ihren Stil angepasstes Erscheinungsbild. Mit jahrelanger Erfahrung in der Montage von B\u00fchnen auf Mallorca sind wir bestrebt, Ihnen hochwertige L\u00f6sungen zu bieten, die die Atmosph\u00e4re Ihrer Veranstaltungen verbessern.<\/span><\/p>\n\t\t\t\t\t\t<\/div>\n\t\t\t\t<\/div>\n\t\t\t\t\t<\/div>\n\t\t<\/div>\n\t\t\t\t\t\t\t<\/div>\n\t\t<\/section>\n\t\t\t\t<section class=\"elementor-section elementor-top-section elementor-element elementor-element-666bbf9 elementor-section-boxed elementor-section-height-default elementor-section-height-default\" data-id=\"666bbf9\" data-element_type=\"section\" data-settings=\"{&quot;background_background&quot;:&quot;classic&quot;}\">\n\t\t\t\t\t\t<div class=\"elementor-container elementor-column-gap-default\">\n\t\t\t\t\t<div class=\"elementor-column elementor-col-50 elementor-top-column elementor-element elementor-element-8afdadc\" data-id=\"8afdadc\" data-element_type=\"column\">\n\t\t\t<div class=\"elementor-widget-wrap elementor-element-populated\">\n\t\t\t\t\t\t\t\t<div class=\"elementor-element elementor-element-dafc3b3 elementor-pagination-position-outside elementor-widget elementor-widget-image-carousel\" data-id=\"dafc3b3\" data-element_type=\"widget\" data-settings=\"{&quot;slides_to_show&quot;:&quot;1&quot;,&quot;navigation&quot;:&quot;dots&quot;,&quot;autoplay&quot;:&quot;yes&quot;,&quot;pause_on_hover&quot;:&quot;yes&quot;,&quot;pause_on_interaction&quot;:&quot;yes&quot;,&quot;autoplay_speed&quot;:5000,&quot;infinite&quot;:&quot;yes&quot;,&quot;effect&quot;:&quot;slide&quot;,&quot;speed&quot;:500}\" data-widget_type=\"image-carousel.default\">\n\t\t\t\t<div class=\"elementor-widget-container\">\n\t\t\t<style>\/*! elementor - v3.7.8 - 02-10-2022 *\/\n.elementor-widget-image-carousel .swiper-container{position:static}.elementor-widget-image-carousel .swiper-container .swiper-slide figure{line-height:inherit}.elementor-widget-image-carousel .swiper-slide{text-align:center}.elementor-image-carousel-wrapper:not(.swiper-container-initialized) .swiper-slide{max-width:calc(100% \/ var(--e-image-carousel-slides-to-show, 3))}<\/style>\t\t<div class=\"elementor-image-carousel-wrapper swiper-container\" dir=\"ltr\">\n\t\t\t<div class=\"elementor-image-carousel swiper-wrapper swiper-image-stretch\">\n\t\t\t\t\t\t\t\t<div class=\"swiper-slide\"><figure class=\"swiper-slide-inner\"><img class=\"swiper-slide-image\" src=\"https:\/\/truiestructuras.es\/wp-content\/uploads\/2022\/10\/tarima-rosco-1-540x371-1.jpg\" alt=\"Plattformen f\u00fcr balearische Veranstaltungen\" \/><\/figure><\/div><div class=\"swiper-slide\"><figure class=\"swiper-slide-inner\"><img class=\"swiper-slide-image\" src=\"https:\/\/truiestructuras.es\/wp-content\/uploads\/2022\/10\/tarima-rosco-2-540x371-1.jpg\" alt=\"Plattformen f\u00fcr balearische Veranstaltungen\" \/><\/figure><\/div><div class=\"swiper-slide\"><figure class=\"swiper-slide-inner\"><img class=\"swiper-slide-image\" src=\"https:\/\/truiestructuras.es\/wp-content\/uploads\/2022\/10\/tarima-rosco-3-540x371-1.jpg\" alt=\"Plattformen f\u00fcr balearische Veranstaltungen\" \/><\/figure><\/div>\t\t\t<\/div>\n\t\t\t\t\t\t\t\t\t\t\t\t<div class=\"swiper-pagination\"><\/div>\n\t\t\t\t\t\t\t\t\t\t\t\t\t<\/div>\n\t\t\t\t<\/div>\n\t\t\t\t<\/div>\n\t\t\t\t\t<\/div>\n\t\t<\/div>\n\t\t\t\t<div class=\"elementor-column elementor-col-50 elementor-top-column elementor-element elementor-element-a22e818\" data-id=\"a22e818\" data-element_type=\"column\">\n\t\t\t<div class=\"elementor-widget-wrap elementor-element-populated\">\n\t\t\t\t\t\t\t\t<div class=\"elementor-element elementor-element-4cf8b83 elementor-widget elementor-widget-heading\" data-id=\"4cf8b83\" data-element_type=\"widget\" data-widget_type=\"heading.default\">\n\t\t\t\t<div class=\"elementor-widget-container\">\n\t\t\t<h3 class=\"elementor-heading-title elementor-size-default\">ROSCO-PLATTFORM<\/h3>\t\t<\/div>\n\t\t\t\t<\/div>\n\t\t\t\t<div class=\"elementor-element elementor-element-21a8a37 elementor-widget elementor-widget-text-editor\" data-id=\"21a8a37\" data-element_type=\"widget\" data-widget_type=\"text-editor.default\">\n\t\t\t\t<div class=\"elementor-widget-container\">\n\t\t\t\t\t\t\t<p>Empfohlen f\u00fcr Partys und Veranstaltungen.<\/p>\n<h4>Plattformeigenschaften:<\/h4>\n<ul>\n<li>Plattform mit austauschbaren Beinen, die \u00fcber einen stabilen, 10 cm hohen, hochfesten Aluminiumrahmen verf\u00fcgt.<\/li>\n<li>Bestehend aus Modulen von 2\u00d71 Meter und h\u00f6henverstellbar.<\/li>\n<li>Unterst\u00fctzt eine Last von 750 kg\/m\u00b2.<\/li>\n<\/ul>\n\t\t\t\t\t\t<\/div>\n\t\t\t\t<\/div>\n\t\t\t\t\t<\/div>\n\t\t<\/div>\n\t\t\t\t\t\t\t<\/div>\n\t\t<\/section>\n\t\t\t\t<section class=\"elementor-section elementor-top-section elementor-element elementor-element-3206aff elementor-section-boxed elementor-section-height-default elementor-section-height-default\" data-id=\"3206aff\" data-element_type=\"section\" data-settings=\"{&quot;background_background&quot;:&quot;classic&quot;}\">\n\t\t\t\t\t\t<div class=\"elementor-container elementor-column-gap-default\">\n\t\t\t\t\t<div class=\"elementor-column elementor-col-50 elementor-top-column elementor-element elementor-element-4f9a361\" data-id=\"4f9a361\" data-element_type=\"column\">\n\t\t\t<div class=\"elementor-widget-wrap elementor-element-populated\">\n\t\t\t\t\t\t\t\t<div class=\"elementor-element elementor-element-c7331f7 elementor-pagination-position-outside elementor-widget elementor-widget-image-carousel\" data-id=\"c7331f7\" data-element_type=\"widget\" data-settings=\"{&quot;slides_to_show&quot;:&quot;1&quot;,&quot;navigation&quot;:&quot;dots&quot;,&quot;autoplay&quot;:&quot;yes&quot;,&quot;pause_on_hover&quot;:&quot;yes&quot;,&quot;pause_on_interaction&quot;:&quot;yes&quot;,&quot;autoplay_speed&quot;:5000,&quot;infinite&quot;:&quot;yes&quot;,&quot;effect&quot;:&quot;slide&quot;,&quot;speed&quot;:500}\" data-widget_type=\"image-carousel.default\">\n\t\t\t\t<div class=\"elementor-widget-container\">\n\t\t\t\t\t<div class=\"elementor-image-carousel-wrapper swiper-container\" dir=\"ltr\">\n\t\t\t<div class=\"elementor-image-carousel swiper-wrapper swiper-image-stretch\">\n\t\t\t\t\t\t\t\t<div class=\"swiper-slide\"><figure class=\"swiper-slide-inner\"><img class=\"swiper-slide-image\" src=\"https:\/\/truiestructuras.es\/wp-content\/uploads\/2022\/10\/tarima-madera-1-540x371-1.jpg\" alt=\"Vermietung von Plattformen f\u00fcr Messen\" \/><\/figure><\/div><div class=\"swiper-slide\"><figure class=\"swiper-slide-inner\"><img class=\"swiper-slide-image\" src=\"https:\/\/truiestructuras.es\/wp-content\/uploads\/2022\/10\/tarima-madera-2-540x371-1.jpg\" alt=\"Vermietung von Plattformen f\u00fcr Messen\" \/><\/figure><\/div><div class=\"swiper-slide\"><figure class=\"swiper-slide-inner\"><img class=\"swiper-slide-image\" src=\"https:\/\/truiestructuras.es\/wp-content\/uploads\/2022\/10\/tarima-madera-3-540x371-1.jpg\" alt=\"Vermietung von Plattformen f\u00fcr Messen\" \/><\/figure><\/div>\t\t\t<\/div>\n\t\t\t\t\t\t\t\t\t\t\t\t<div class=\"swiper-pagination\"><\/div>\n\t\t\t\t\t\t\t\t\t\t\t\t\t<\/div>\n\t\t\t\t<\/div>\n\t\t\t\t<\/div>\n\t\t\t\t\t<\/div>\n\t\t<\/div>\n\t\t\t\t<div class=\"elementor-column elementor-col-50 elementor-top-column elementor-element elementor-element-3c8b396\" data-id=\"3c8b396\" data-element_type=\"column\">\n\t\t\t<div class=\"elementor-widget-wrap elementor-element-populated\">\n\t\t\t\t\t\t\t\t<div class=\"elementor-element elementor-element-5aa6234 elementor-widget elementor-widget-heading\" data-id=\"5aa6234\" data-element_type=\"widget\" data-widget_type=\"heading.default\">\n\t\t\t\t<div class=\"elementor-widget-container\">\n\t\t\t<h3 class=\"elementor-heading-title elementor-size-default\">MESSEB\u00dcHNE<\/h3>\t\t<\/div>\n\t\t\t\t<\/div>\n\t\t\t\t<div class=\"elementor-element elementor-element-fb2a4b3 elementor-widget elementor-widget-text-editor\" data-id=\"fb2a4b3\" data-element_type=\"widget\" data-widget_type=\"text-editor.default\">\n\t\t\t\t<div class=\"elementor-widget-container\">\n\t\t\t\t\t\t\t<p>Empfohlen f\u00fcr Messen und Veranstaltungen.<\/p>\n<h4>Plattformeigenschaften:<\/h4>\n<ul>\n<li>8 cm hohe Holzplattform.<\/li>\n<li>Geeignet zum Abdecken jeder Oberfl\u00e4che, anpassbar an alle Gr\u00f6\u00dfen und die M\u00f6glichkeit, gro\u00dfe Fl\u00e4chen abzudecken.<\/li>\n<\/ul>\n\t\t\t\t\t\t<\/div>\n\t\t\t\t<\/div>\n\t\t\t\t\t<\/div>\n\t\t<\/div>\n\t\t\t\t\t\t\t<\/div>\n\t\t<\/section>\n\t\t\t\t<section class=\"elementor-section elementor-top-section elementor-element elementor-element-b377ecd elementor-section-boxed elementor-section-height-default elementor-section-height-default\" data-id=\"b377ecd\" data-element_type=\"section\" data-settings=\"{&quot;background_background&quot;:&quot;classic&quot;}\">\n\t\t\t\t\t\t<div class=\"elementor-container elementor-column-gap-default\">\n\t\t\t\t\t<div class=\"elementor-column elementor-col-50 elementor-top-column elementor-element elementor-element-43b95ea\" data-id=\"43b95ea\" data-element_type=\"column\">\n\t\t\t<div class=\"elementor-widget-wrap elementor-element-populated\">\n\t\t\t\t\t\t\t\t<div class=\"elementor-element elementor-element-ec33c63 elementor-pagination-position-outside elementor-widget elementor-widget-image-carousel\" data-id=\"ec33c63\" data-element_type=\"widget\" data-settings=\"{&quot;slides_to_show&quot;:&quot;1&quot;,&quot;navigation&quot;:&quot;dots&quot;,&quot;autoplay&quot;:&quot;yes&quot;,&quot;pause_on_hover&quot;:&quot;yes&quot;,&quot;pause_on_interaction&quot;:&quot;yes&quot;,&quot;autoplay_speed&quot;:5000,&quot;infinite&quot;:&quot;yes&quot;,&quot;effect&quot;:&quot;slide&quot;,&quot;speed&quot;:500}\" data-widget_type=\"image-carousel.default\">\n\t\t\t\t<div class=\"elementor-widget-container\">\n\t\t\t\t\t<div class=\"elementor-image-carousel-wrapper swiper-container\" dir=\"ltr\">\n\t\t\t<div class=\"elementor-image-carousel swiper-wrapper swiper-image-stretch\">\n\t\t\t\t\t\t\t\t<div class=\"swiper-slide\"><figure class=\"swiper-slide-inner\"><img class=\"swiper-slide-image\" src=\"https:\/\/truiestructuras.es\/wp-content\/uploads\/2022\/10\/tarima-baile-1-540x371-1.jpg\" alt=\"Vermietung von Tanzfl\u00e4chen\" \/><\/figure><\/div><div class=\"swiper-slide\"><figure class=\"swiper-slide-inner\"><img class=\"swiper-slide-image\" src=\"https:\/\/truiestructuras.es\/wp-content\/uploads\/2022\/10\/tarima-baile-2-540x371-1.jpg\" alt=\"Vermietung von Tanzfl\u00e4chen\" \/><\/figure><\/div>\t\t\t<\/div>\n\t\t\t\t\t\t\t\t\t\t\t\t<div class=\"swiper-pagination\"><\/div>\n\t\t\t\t\t\t\t\t\t\t\t\t\t<\/div>\n\t\t\t\t<\/div>\n\t\t\t\t<\/div>\n\t\t\t\t\t<\/div>\n\t\t<\/div>\n\t\t\t\t<div class=\"elementor-column elementor-col-50 elementor-top-column elementor-element elementor-element-c9214cc\" data-id=\"c9214cc\" data-element_type=\"column\">\n\t\t\t<div class=\"elementor-widget-wrap elementor-element-populated\">\n\t\t\t\t\t\t\t\t<div class=\"elementor-element elementor-element-f3a16da elementor-widget elementor-widget-heading\" data-id=\"f3a16da\" data-element_type=\"widget\" data-widget_type=\"heading.default\">\n\t\t\t\t<div class=\"elementor-widget-container\">\n\t\t\t<h3 class=\"elementor-heading-title elementor-size-default\">TANZB\u00dcHNE<\/h3>\t\t<\/div>\n\t\t\t\t<\/div>\n\t\t\t\t<div class=\"elementor-element elementor-element-56ab20d elementor-widget elementor-widget-text-editor\" data-id=\"56ab20d\" data-element_type=\"widget\" data-widget_type=\"text-editor.default\">\n\t\t\t\t<div class=\"elementor-widget-container\">\n\t\t\t\t\t\t\t<p>Empfohlen f\u00fcr Partys, Hochzeiten und Zeremonien.<\/p>\n<h4>Plattformeigenschaften:<\/h4>\n<ul>\n<li>Wir verf\u00fcgen \u00fcber Plattformen f\u00fcr Tanzfl\u00e4chen und spezielle Flamenco-Plattformen zur Klangoptimierung.<\/li>\n<\/ul>\n\t\t\t\t\t\t<\/div>\n\t\t\t\t<\/div>\n\t\t\t\t\t<\/div>\n\t\t<\/div>\n\t\t\t\t\t\t\t<\/div>\n\t\t<\/section>\n\t\t\t\t<section class=\"elementor-section elementor-top-section elementor-element elementor-element-a745eaa elementor-section-boxed elementor-section-height-default elementor-section-height-default\" data-id=\"a745eaa\" data-element_type=\"section\">\n\t\t\t\t\t\t<div class=\"elementor-container elementor-column-gap-default\">\n\t\t\t\t\t<div class=\"elementor-column elementor-col-100 elementor-top-column elementor-element elementor-element-a8abfec\" data-id=\"a8abfec\" data-element_type=\"column\">\n\t\t\t<div class=\"elementor-widget-wrap elementor-element-populated\">\n\t\t\t\t\t\t\t\t<div class=\"elementor-element elementor-element-9f36f15 elementor-widget elementor-widget-text-editor\" data-id=\"9f36f15\" data-element_type=\"widget\" data-widget_type=\"text-editor.default\">\n\t\t\t\t<div class=\"elementor-widget-container\">\n\t\t\t\t\t\t\t<p>Mit dem Ziel, unseren Kunden alles zu bieten, was sie f\u00fcr ihre Show oder Veranstaltung auf Mallorca ben\u00f6tigen, haben wir neben Plattformen auch Zelte, St\u00e4nde, TRUSS, M\u00f6bel, Dekoration und St\u00e4nde in unserem Produktkatalog. Wenn Sie Hilfe bei der Auswahl ben\u00f6tigen, kontaktieren Sie uns, wir beraten Sie gerne.<\/p>\n<p>Dar\u00fcber hinaus stehen Ihnen auch andere Dienstleistungen zur Verf\u00fcgung, wie zum Beispiel: Verkauf und Montage von Bauwerken sowohl auf Mallorca als auch auf Ibiza, Menorca und Formentera.<\/p>\n\t\t\t\t\t\t<\/div>\n\t\t\t\t<\/div>\n\t\t\t\t<div class=\"elementor-element elementor-element-f6dde56 elementor-align-center elementor-widget elementor-widget-button\" data-id=\"f6dde56\" data-element_type=\"widget\" data-widget_type=\"button.default\">\n\t\t\t\t<div class=\"elementor-widget-container\">\n\t\t\t\t\t<div class=\"elementor-button-wrapper icon_align_\">\n\t\t\t<a href=\"\/de\/truiestructuras\/contacto\/\" class=\"elementor-button-link elementor-button elementor-size-sm\" role=\"button\">\n\t\t\t\t\t\t<span class=\"elementor-button-content-wrapper\">\n\t\t\t\t\t\t<span class=\"elementor-button-text\">Fordern Sie ein Angebot an<\/span>\n\t\t<\/span>\n\t\t\t\t\t<\/a>\n\t\t<\/div>\n\t\t\t\t<\/div>\n\t\t\t\t<\/div>\n\t\t\t\t\t<\/div>\n\t\t<\/div>\n\t\t\t\t\t\t\t<\/div>\n\t\t<\/section>\n\t\t\t\t\t\t\t<\/div>","protected":false},"excerpt":{"rendered":"<p>Instalaci\u00f3n de Tarimas para Eventos en Mallorca En TRUI ESTRUCTURAS, ofrecemos un servicio completo de alquiler y montaje de tarimas en Mallorca. Desde presentaciones hasta conferencias y charlas, nuestras tarimas proporcionan la base perfecta para tus eventos, elevando la experiencia de tus asistentes con estilo y profesionalismo. Nuestro cat\u00e1logo incluye una amplia variedad de tarimas<\/p>","protected":false},"author":1,"featured_media":0,"parent":1501,"menu_order":0,"comment_status":"closed","ping_status":"closed","template":"","meta":{"om_disable_all_campaigns":false,"_mi_skip_tracking":false,"_monsterinsights_sitenote_active":false,"_monsterinsights_sitenote_note":"","_monsterinsights_sitenote_category":0},"yoast_head":"<!-- This site is optimized with the Yoast SEO plugin v20.4 - https:\/\/yoast.com\/wordpress\/plugins\/seo\/ -->\n<title>Tarimas para eventos - Trui Estructuras<\/title>\n<meta name=\"description\" content=\"Alquiler e instalaci\u00f3n de tarimas para eventos en Mallorca. A\u00f1ade versatilidad y profesionalismo a tus espacios.\" \/>\n<meta name=\"robots\" content=\"index, follow, max-snippet:-1, max-image-preview:large, max-video-preview:-1\" \/>\n<link rel=\"canonical\" href=\"https:\/\/truiestructuras.es\/de\/produkte\/plattformen\/\" \/>\n<meta property=\"og:locale\" content=\"de_DE\" \/>\n<meta property=\"og:type\" content=\"article\" \/>\n<meta property=\"og:title\" content=\"Tarimas para eventos - Trui Estructuras\" \/>\n<meta property=\"og:description\" content=\"Alquiler e instalaci\u00f3n de tarimas para eventos en Mallorca. A\u00f1ade versatilidad y profesionalismo a tus espacios.\" \/>\n<meta property=\"og:url\" content=\"https:\/\/truiestructuras.es\/de\/produkte\/plattformen\/\" \/>\n<meta property=\"og:site_name\" content=\"Trui Estructuras\" \/>\n<meta property=\"article:modified_time\" content=\"2023-08-08T11:27:39+00:00\" \/>\n<meta property=\"og:image\" content=\"https:\/\/truiestructuras.es\/wp-content\/uploads\/2022\/10\/tarima-rosco-1-540x371-1.jpg\" \/>\n<meta name=\"twitter:card\" content=\"summary_large_image\" \/>\n<meta name=\"twitter:label1\" content=\"Gesch\u00e4tzte Lesezeit\" \/>\n\t<meta name=\"twitter:data1\" content=\"5 Minuten\" \/>\n<script type=\"application\/ld+json\" class=\"yoast-schema-graph\">{\"@context\":\"https:\/\/schema.org\",\"@graph\":[{\"@type\":\"WebPage\",\"@id\":\"https:\/\/truiestructuras.es\/productos\/tarimas\/\",\"url\":\"https:\/\/truiestructuras.es\/productos\/tarimas\/\",\"name\":\"Tarimas para eventos - Trui Estructuras\",\"isPartOf\":{\"@id\":\"https:\/\/truiestructuras.es\/#website\"},\"datePublished\":\"2022-10-05T21:12:43+00:00\",\"dateModified\":\"2023-08-08T11:27:39+00:00\",\"description\":\"Alquiler e instalaci\u00f3n de tarimas para eventos en Mallorca. A\u00f1ade versatilidad y profesionalismo a tus espacios.\",\"breadcrumb\":{\"@id\":\"https:\/\/truiestructuras.es\/productos\/tarimas\/#breadcrumb\"},\"inLanguage\":\"de-DE\",\"potentialAction\":[{\"@type\":\"ReadAction\",\"target\":[\"https:\/\/truiestructuras.es\/productos\/tarimas\/\"]}]},{\"@type\":\"BreadcrumbList\",\"@id\":\"https:\/\/truiestructuras.es\/productos\/tarimas\/#breadcrumb\",\"itemListElement\":[{\"@type\":\"ListItem\",\"position\":1,\"name\":\"Portada\",\"item\":\"https:\/\/truiestructuras.es\/\"},{\"@type\":\"ListItem\",\"position\":2,\"name\":\"Nuestros Tipos de Estructuras para Eventos\",\"item\":\"https:\/\/truiestructuras.es\/productos\/\"},{\"@type\":\"ListItem\",\"position\":3,\"name\":\"Tarimas para eventos\"}]},{\"@type\":\"WebSite\",\"@id\":\"https:\/\/truiestructuras.es\/#website\",\"url\":\"https:\/\/truiestructuras.es\/\",\"name\":\"Trui Estructuras\",\"description\":\"Estructuras para Eventos en Mallorca\",\"potentialAction\":[{\"@type\":\"SearchAction\",\"target\":{\"@type\":\"EntryPoint\",\"urlTemplate\":\"https:\/\/truiestructuras.es\/?s={search_term_string}\"},\"query-input\":\"required name=search_term_string\"}],\"inLanguage\":\"de-DE\"}]}<\/script>\n<!-- \/ Yoast SEO plugin. -->","yoast_head_json":{"title":"Tarimas para eventos - Trui Estructuras","description":"Alquiler e instalaci\u00f3n de tarimas para eventos en Mallorca. A\u00f1ade versatilidad y profesionalismo a tus espacios.","robots":{"index":"index","follow":"follow","max-snippet":"max-snippet:-1","max-image-preview":"max-image-preview:large","max-video-preview":"max-video-preview:-1"},"canonical":"https:\/\/truiestructuras.es\/de\/produkte\/plattformen\/","og_locale":"de_DE","og_type":"article","og_title":"Tarimas para eventos - Trui Estructuras","og_description":"Alquiler e instalaci\u00f3n de tarimas para eventos en Mallorca. A\u00f1ade versatilidad y profesionalismo a tus espacios.","og_url":"https:\/\/truiestructuras.es\/de\/produkte\/plattformen\/","og_site_name":"Trui Estructuras","article_modified_time":"2023-08-08T11:27:39+00:00","og_image":[{"url":"https:\/\/truiestructuras.es\/wp-content\/uploads\/2022\/10\/tarima-rosco-1-540x371-1.jpg"}],"twitter_card":"summary_large_image","twitter_misc":{"Gesch\u00e4tzte Lesezeit":"5 Minuten"},"schema":{"@context":"https:\/\/schema.org","@graph":[{"@type":"WebPage","@id":"https:\/\/truiestructuras.es\/productos\/tarimas\/","url":"https:\/\/truiestructuras.es\/productos\/tarimas\/","name":"Tarimas para eventos - Trui Estructuras","isPartOf":{"@id":"https:\/\/truiestructuras.es\/#website"},"datePublished":"2022-10-05T21:12:43+00:00","dateModified":"2023-08-08T11:27:39+00:00","description":"Alquiler e instalaci\u00f3n de tarimas para eventos en Mallorca. A\u00f1ade versatilidad y profesionalismo a tus espacios.","breadcrumb":{"@id":"https:\/\/truiestructuras.es\/productos\/tarimas\/#breadcrumb"},"inLanguage":"de-DE","potentialAction":[{"@type":"ReadAction","target":["https:\/\/truiestructuras.es\/productos\/tarimas\/"]}]},{"@type":"BreadcrumbList","@id":"https:\/\/truiestructuras.es\/productos\/tarimas\/#breadcrumb","itemListElement":[{"@type":"ListItem","position":1,"name":"Portada","item":"https:\/\/truiestructuras.es\/"},{"@type":"ListItem","position":2,"name":"Nuestros Tipos de Estructuras para Eventos","item":"https:\/\/truiestructuras.es\/productos\/"},{"@type":"ListItem","position":3,"name":"Tarimas para eventos"}]},{"@type":"WebSite","@id":"https:\/\/truiestructuras.es\/#website","url":"https:\/\/truiestructuras.es\/","name":"Trui Estructuras","description":"Estructuras para Eventos en Mallorca","potentialAction":[{"@type":"SearchAction","target":{"@type":"EntryPoint","urlTemplate":"https:\/\/truiestructuras.es\/?s={search_term_string}"},"query-input":"required name=search_term_string"}],"inLanguage":"de-DE"}]}},"_links":{"self":[{"href":"https:\/\/truiestructuras.es\/de\/wp-json\/wp\/v2\/pages\/7427"}],"collection":[{"href":"https:\/\/truiestructuras.es\/de\/wp-json\/wp\/v2\/pages"}],"about":[{"href":"https:\/\/truiestructuras.es\/de\/wp-json\/wp\/v2\/types\/page"}],"author":[{"embeddable":true,"href":"https:\/\/truiestructuras.es\/de\/wp-json\/wp\/v2\/users\/1"}],"replies":[{"embeddable":true,"href":"https:\/\/truiestructuras.es\/de\/wp-json\/wp\/v2\/comments?post=7427"}],"version-history":[{"count":34,"href":"https:\/\/truiestructuras.es\/de\/wp-json\/wp\/v2\/pages\/7427\/revisions"}],"predecessor-version":[{"id":8405,"href":"https:\/\/truiestructuras.es\/de\/wp-json\/wp\/v2\/pages\/7427\/revisions\/8405"}],"up":[{"embeddable":true,"href":"https:\/\/truiestructuras.es\/de\/wp-json\/wp\/v2\/pages\/1501"}],"wp:attachment":[{"href":"https:\/\/truiestructuras.es\/de\/wp-json\/wp\/v2\/media?parent=7427"}],"curies":[{"name":"wp","href":"https:\/\/api.w.org\/{rel}","templated":true}]}}