{"id":7465,"date":"2022-10-05T21:37:14","date_gmt":"2022-10-05T21:37:14","guid":{"rendered":"https:\/\/truiestructuras.es\/?page_id=7465"},"modified":"2023-08-08T11:43:59","modified_gmt":"2023-08-08T11:43:59","slug":"moquetas","status":"publish","type":"page","link":"https:\/\/truiestructuras.es\/de\/produkte\/teppiche\/","title":{"rendered":"Teppiche f\u00fcr Veranstaltungen auf Mallorca"},"content":{"rendered":"<div data-elementor-type=\"wp-page\" data-elementor-id=\"7465\" class=\"elementor elementor-7465\">\n\t\t\t\t\t\t\t\t\t<section class=\"elementor-section elementor-top-section elementor-element elementor-element-49b6e3c elementor-section-boxed elementor-section-height-default elementor-section-height-default\" data-id=\"49b6e3c\" data-element_type=\"section\" data-settings=\"{&quot;background_background&quot;:&quot;classic&quot;}\">\n\t\t\t\t\t\t<div class=\"elementor-container elementor-column-gap-default\">\n\t\t\t\t\t<div class=\"elementor-column elementor-col-100 elementor-top-column elementor-element elementor-element-293db74\" data-id=\"293db74\" data-element_type=\"column\">\n\t\t\t<div class=\"elementor-widget-wrap elementor-element-populated\">\n\t\t\t\t\t\t\t\t<div class=\"elementor-element elementor-element-f9e31b3 elementor-widget elementor-widget-heading\" data-id=\"f9e31b3\" data-element_type=\"widget\" data-widget_type=\"heading.default\">\n\t\t\t\t<div class=\"elementor-widget-container\">\n\t\t\t<style>\/*! elementor - v3.7.8 - 02-10-2022 *\/\n.elementor-heading-title{padding:0;margin:0;line-height:1}.elementor-widget-heading .elementor-heading-title[class*=elementor-size-]>a{color:inherit;font-size:inherit;line-height:inherit}.elementor-widget-heading .elementor-heading-title.elementor-size-small{font-size:15px}.elementor-widget-heading .elementor-heading-title.elementor-size-medium{font-size:19px}.elementor-widget-heading .elementor-heading-title.elementor-size-large{font-size:29px}.elementor-widget-heading .elementor-heading-title.elementor-size-xl{font-size:39px}.elementor-widget-heading .elementor-heading-title.elementor-size-xxl{font-size:59px}<\/style><h2 class=\"elementor-heading-title elementor-size-default\">Teppichverleih f\u00fcr Veranstaltungen: Eleganz und Komfort\n<\/h2>\t\t<\/div>\n\t\t\t\t<\/div>\n\t\t\t\t<div class=\"elementor-element elementor-element-389ef7d elementor-widget elementor-widget-text-editor\" data-id=\"389ef7d\" data-element_type=\"widget\" data-widget_type=\"text-editor.default\">\n\t\t\t\t<div class=\"elementor-widget-container\">\n\t\t\t<style>\/*! elementor - v3.7.8 - 02-10-2022 *\/\n.elementor-widget-text-editor.elementor-drop-cap-view-stacked .elementor-drop-cap{background-color:#818a91;color:#fff}.elementor-widget-text-editor.elementor-drop-cap-view-framed .elementor-drop-cap{color:#818a91;border:3px solid;background-color:transparent}.elementor-widget-text-editor:not(.elementor-drop-cap-view-default) .elementor-drop-cap{margin-top:8px}.elementor-widget-text-editor:not(.elementor-drop-cap-view-default) .elementor-drop-cap-letter{width:1em;height:1em}.elementor-widget-text-editor .elementor-drop-cap{float:left;text-align:center;line-height:1;font-size:50px}.elementor-widget-text-editor .elementor-drop-cap-letter{display:inline-block}<\/style>\t\t\t\t<p><span style=\"font-weight: 400;\">Bei TRUI ESTRUCTURAS bieten wir eine gro\u00dfe Auswahl an Teppichen f\u00fcr Veranstaltungen auf Mallorca. Unsere Vielfalt an Farben und Stilen erm\u00f6glicht es Ihnen, die B\u00f6den zu verkleiden und Ihrer Veranstaltung eine besondere Note zu verleihen und so eine gem\u00fctliche und elegante Atmosph\u00e4re zu schaffen.<\/span><\/p>\n\t\t\t\t\t\t<\/div>\n\t\t\t\t<\/div>\n\t\t\t\t<div class=\"elementor-element elementor-element-c6fb8a0 elementor-widget elementor-widget-heading\" data-id=\"c6fb8a0\" data-element_type=\"widget\" data-widget_type=\"heading.default\">\n\t\t\t\t<div class=\"elementor-widget-container\">\n\t\t\t<h3 class=\"elementor-heading-title elementor-size-default\">Verlegen von Teppichen f\u00fcr personalisierte Veranstaltungen<\/h3>\t\t<\/div>\n\t\t\t\t<\/div>\n\t\t\t\t<div class=\"elementor-element elementor-element-716db11 elementor-widget elementor-widget-text-editor\" data-id=\"716db11\" data-element_type=\"widget\" data-widget_type=\"text-editor.default\">\n\t\t\t\t<div class=\"elementor-widget-container\">\n\t\t\t\t\t\t\t<p><span style=\"font-weight: 400;\">Unser Teppichservice f\u00fcr Veranstaltungen umfasst die Verlegung, wir bieten Ihnen aber auch die M\u00f6glichkeit, Teppiche in Rollen zu 121 m\u00b2 oder auf Ma\u00df zu kaufen. Dies gibt Ihnen die Flexibilit\u00e4t zu entscheiden, wie Sie den Rahmen Ihrer Veranstaltung gestalten m\u00f6chten.<\/span><\/p>\n\t\t\t\t\t\t<\/div>\n\t\t\t\t<\/div>\n\t\t\t\t\t<\/div>\n\t\t<\/div>\n\t\t\t\t\t\t\t<\/div>\n\t\t<\/section>\n\t\t\t\t<section class=\"elementor-section elementor-top-section elementor-element elementor-element-666bbf9 elementor-section-boxed elementor-section-height-default elementor-section-height-default\" data-id=\"666bbf9\" data-element_type=\"section\" data-settings=\"{&quot;background_background&quot;:&quot;classic&quot;}\">\n\t\t\t\t\t\t<div class=\"elementor-container elementor-column-gap-default\">\n\t\t\t\t\t<div class=\"elementor-column elementor-col-50 elementor-top-column elementor-element elementor-element-8afdadc\" data-id=\"8afdadc\" data-element_type=\"column\">\n\t\t\t<div class=\"elementor-widget-wrap elementor-element-populated\">\n\t\t\t\t\t\t\t\t<div class=\"elementor-element elementor-element-dafc3b3 elementor-pagination-position-outside elementor-widget elementor-widget-image-carousel\" data-id=\"dafc3b3\" data-element_type=\"widget\" data-settings=\"{&quot;slides_to_show&quot;:&quot;1&quot;,&quot;navigation&quot;:&quot;dots&quot;,&quot;autoplay&quot;:&quot;yes&quot;,&quot;pause_on_hover&quot;:&quot;yes&quot;,&quot;pause_on_interaction&quot;:&quot;yes&quot;,&quot;autoplay_speed&quot;:5000,&quot;infinite&quot;:&quot;yes&quot;,&quot;effect&quot;:&quot;slide&quot;,&quot;speed&quot;:500}\" data-widget_type=\"image-carousel.default\">\n\t\t\t\t<div class=\"elementor-widget-container\">\n\t\t\t<style>\/*! elementor - v3.7.8 - 02-10-2022 *\/\n.elementor-widget-image-carousel .swiper-container{position:static}.elementor-widget-image-carousel .swiper-container .swiper-slide figure{line-height:inherit}.elementor-widget-image-carousel .swiper-slide{text-align:center}.elementor-image-carousel-wrapper:not(.swiper-container-initialized) .swiper-slide{max-width:calc(100% \/ var(--e-image-carousel-slides-to-show, 3))}<\/style>\t\t<div class=\"elementor-image-carousel-wrapper swiper-container\" dir=\"ltr\">\n\t\t\t<div class=\"elementor-image-carousel swiper-wrapper swiper-image-stretch\">\n\t\t\t\t\t\t\t\t<div class=\"swiper-slide\"><figure class=\"swiper-slide-inner\"><img class=\"swiper-slide-image\" src=\"https:\/\/truiestructuras.es\/wp-content\/uploads\/2022\/10\/moqueta-1-540x371-1.jpg\" alt=\"Teppichverleih f\u00fcr Hochzeitsveranstaltungen\" \/><\/figure><\/div><div class=\"swiper-slide\"><figure class=\"swiper-slide-inner\"><img class=\"swiper-slide-image\" src=\"https:\/\/truiestructuras.es\/wp-content\/uploads\/2022\/10\/moqueta-2-540x371-1.jpg\" alt=\"Teppichverleih f\u00fcr Hochzeitsveranstaltungen\" \/><\/figure><\/div><div class=\"swiper-slide\"><figure class=\"swiper-slide-inner\"><img class=\"swiper-slide-image\" src=\"https:\/\/truiestructuras.es\/wp-content\/uploads\/2022\/10\/moqueta-3-540x371-1.jpg\" alt=\"Teppichverleih f\u00fcr Hochzeitsveranstaltungen\" \/><\/figure><\/div><div class=\"swiper-slide\"><figure class=\"swiper-slide-inner\"><img class=\"swiper-slide-image\" src=\"https:\/\/truiestructuras.es\/wp-content\/uploads\/2022\/10\/moqueta-4-540x371-1.jpg\" alt=\"Teppichverleih f\u00fcr Hochzeitsveranstaltungen\" \/><\/figure><\/div>\t\t\t<\/div>\n\t\t\t\t\t\t\t\t\t\t\t\t<div class=\"swiper-pagination\"><\/div>\n\t\t\t\t\t\t\t\t\t\t\t\t\t<\/div>\n\t\t\t\t<\/div>\n\t\t\t\t<\/div>\n\t\t\t\t\t<\/div>\n\t\t<\/div>\n\t\t\t\t<div class=\"elementor-column elementor-col-50 elementor-top-column elementor-element elementor-element-a22e818\" data-id=\"a22e818\" data-element_type=\"column\">\n\t\t\t<div class=\"elementor-widget-wrap elementor-element-populated\">\n\t\t\t\t\t\t\t\t<div class=\"elementor-element elementor-element-4cf8b83 elementor-widget elementor-widget-heading\" data-id=\"4cf8b83\" data-element_type=\"widget\" data-widget_type=\"heading.default\">\n\t\t\t\t<div class=\"elementor-widget-container\">\n\t\t\t<h3 class=\"elementor-heading-title elementor-size-default\">Teppiche f\u00fcr Hochzeiten auf Mallorca<\/h3>\t\t<\/div>\n\t\t\t\t<\/div>\n\t\t\t\t<div class=\"elementor-element elementor-element-21a8a37 elementor-widget elementor-widget-text-editor\" data-id=\"21a8a37\" data-element_type=\"widget\" data-widget_type=\"text-editor.default\">\n\t\t\t\t<div class=\"elementor-widget-container\">\n\t\t\t\t\t\t\t<p><span style=\"font-weight: 400;\">F\u00fcr unvergessliche Hochzeiten auf Mallorca verleihen unsere Teppiche einen Hauch von Klasse und Stil. Verwandeln Sie Ihren Veranstaltungsort mit unserer Vielfalt an Farben und Texturen in einen Traumraum. Unsere Erfahrung im Bereich Hochzeiten erm\u00f6glicht es uns, Ihnen L\u00f6sungen anzubieten, die Ihren Bed\u00fcrfnissen entsprechen.<\/span><\/p>\n\t\t\t\t\t\t<\/div>\n\t\t\t\t<\/div>\n\t\t\t\t\t<\/div>\n\t\t<\/div>\n\t\t\t\t\t\t\t<\/div>\n\t\t<\/section>\n\t\t\t\t<section class=\"elementor-section elementor-top-section elementor-element elementor-element-3206aff elementor-section-boxed elementor-section-height-default elementor-section-height-default\" data-id=\"3206aff\" data-element_type=\"section\" data-settings=\"{&quot;background_background&quot;:&quot;classic&quot;}\">\n\t\t\t\t\t\t<div class=\"elementor-container elementor-column-gap-default\">\n\t\t\t\t\t<div class=\"elementor-column elementor-col-50 elementor-top-column elementor-element elementor-element-4f9a361\" data-id=\"4f9a361\" data-element_type=\"column\">\n\t\t\t<div class=\"elementor-widget-wrap elementor-element-populated\">\n\t\t\t\t\t\t\t\t<div class=\"elementor-element elementor-element-c7331f7 elementor-pagination-position-outside elementor-widget elementor-widget-image-carousel\" data-id=\"c7331f7\" data-element_type=\"widget\" data-settings=\"{&quot;slides_to_show&quot;:&quot;1&quot;,&quot;navigation&quot;:&quot;dots&quot;,&quot;autoplay&quot;:&quot;yes&quot;,&quot;pause_on_hover&quot;:&quot;yes&quot;,&quot;pause_on_interaction&quot;:&quot;yes&quot;,&quot;autoplay_speed&quot;:5000,&quot;infinite&quot;:&quot;yes&quot;,&quot;effect&quot;:&quot;slide&quot;,&quot;speed&quot;:500}\" data-widget_type=\"image-carousel.default\">\n\t\t\t\t<div class=\"elementor-widget-container\">\n\t\t\t\t\t<div class=\"elementor-image-carousel-wrapper swiper-container\" dir=\"ltr\">\n\t\t\t<div class=\"elementor-image-carousel swiper-wrapper swiper-image-stretch\">\n\t\t\t\t\t\t\t\t<div class=\"swiper-slide\"><figure class=\"swiper-slide-inner\"><img class=\"swiper-slide-image\" src=\"https:\/\/truiestructuras.es\/wp-content\/uploads\/2022\/10\/moqueta-5-540x371-1.jpg\" alt=\"Teppichverleih f\u00fcr Veranstaltungen, Messen\" \/><\/figure><\/div><div class=\"swiper-slide\"><figure class=\"swiper-slide-inner\"><img class=\"swiper-slide-image\" src=\"https:\/\/truiestructuras.es\/wp-content\/uploads\/2022\/10\/moqueta-six-day-540x371-1.jpg\" alt=\"Teppichverleih f\u00fcr Veranstaltungen, Messen\" \/><\/figure><\/div>\t\t\t<\/div>\n\t\t\t\t\t\t\t\t\t\t\t\t<div class=\"swiper-pagination\"><\/div>\n\t\t\t\t\t\t\t\t\t\t\t\t\t<\/div>\n\t\t\t\t<\/div>\n\t\t\t\t<\/div>\n\t\t\t\t\t<\/div>\n\t\t<\/div>\n\t\t\t\t<div class=\"elementor-column elementor-col-50 elementor-top-column elementor-element elementor-element-3c8b396\" data-id=\"3c8b396\" data-element_type=\"column\">\n\t\t\t<div class=\"elementor-widget-wrap elementor-element-populated\">\n\t\t\t\t\t\t\t\t<div class=\"elementor-element elementor-element-5aa6234 elementor-widget elementor-widget-heading\" data-id=\"5aa6234\" data-element_type=\"widget\" data-widget_type=\"heading.default\">\n\t\t\t\t<div class=\"elementor-widget-container\">\n\t\t\t<h3 class=\"elementor-heading-title elementor-size-default\">Teppiche f\u00fcr Messen auf Mallorca<\/h3>\t\t<\/div>\n\t\t\t\t<\/div>\n\t\t\t\t<div class=\"elementor-element elementor-element-fb2a4b3 elementor-widget elementor-widget-text-editor\" data-id=\"fb2a4b3\" data-element_type=\"widget\" data-widget_type=\"text-editor.default\">\n\t\t\t\t<div class=\"elementor-widget-container\">\n\t\t\t\t\t\t\t<p>Auf Messen und Ausstellungen kommt es auf jedes Detail an. Unsere Messeteppiche bieten nicht nur Komfort f\u00fcr Ihre Besucher, sondern verleihen Ihrem Raum auch Professionalit\u00e4t und Vornehmheit. Von St\u00e4nden bis hin zu Fluren sind unsere Teppiche darauf ausgelegt, die Pr\u00e4sentation Ihrer Produkte und Dienstleistungen zu verbessern.<\/p>\n\t\t\t\t\t\t<\/div>\n\t\t\t\t<\/div>\n\t\t\t\t\t<\/div>\n\t\t<\/div>\n\t\t\t\t\t\t\t<\/div>\n\t\t<\/section>\n\t\t\t\t<section class=\"elementor-section elementor-top-section elementor-element elementor-element-b377ecd elementor-section-boxed elementor-section-height-default elementor-section-height-default\" data-id=\"b377ecd\" data-element_type=\"section\" data-settings=\"{&quot;background_background&quot;:&quot;classic&quot;}\">\n\t\t\t\t\t\t<div class=\"elementor-container elementor-column-gap-default\">\n\t\t\t\t\t<div class=\"elementor-column elementor-col-50 elementor-top-column elementor-element elementor-element-43b95ea\" data-id=\"43b95ea\" data-element_type=\"column\">\n\t\t\t<div class=\"elementor-widget-wrap elementor-element-populated\">\n\t\t\t\t\t\t\t\t<div class=\"elementor-element elementor-element-ec33c63 elementor-pagination-position-outside elementor-widget elementor-widget-image-carousel\" data-id=\"ec33c63\" data-element_type=\"widget\" data-settings=\"{&quot;slides_to_show&quot;:&quot;1&quot;,&quot;navigation&quot;:&quot;dots&quot;,&quot;autoplay&quot;:&quot;yes&quot;,&quot;pause_on_hover&quot;:&quot;yes&quot;,&quot;pause_on_interaction&quot;:&quot;yes&quot;,&quot;autoplay_speed&quot;:5000,&quot;infinite&quot;:&quot;yes&quot;,&quot;effect&quot;:&quot;slide&quot;,&quot;speed&quot;:500}\" data-widget_type=\"image-carousel.default\">\n\t\t\t\t<div class=\"elementor-widget-container\">\n\t\t\t\t\t<div class=\"elementor-image-carousel-wrapper swiper-container\" dir=\"ltr\">\n\t\t\t<div class=\"elementor-image-carousel swiper-wrapper swiper-image-stretch\">\n\t\t\t\t\t\t\t\t<div class=\"swiper-slide\"><figure class=\"swiper-slide-inner\"><img class=\"swiper-slide-image\" src=\"https:\/\/truiestructuras.es\/wp-content\/uploads\/2022\/10\/moqueta-feria-nautica-540x371-1.jpg\" alt=\"Teppichverleih f\u00fcr Veranstaltungen, Messen\" \/><\/figure><\/div>\t\t\t<\/div>\n\t\t\t\t\t<\/div>\n\t\t\t\t<\/div>\n\t\t\t\t<\/div>\n\t\t\t\t\t<\/div>\n\t\t<\/div>\n\t\t\t\t<div class=\"elementor-column elementor-col-50 elementor-top-column elementor-element elementor-element-c9214cc\" data-id=\"c9214cc\" data-element_type=\"column\">\n\t\t\t<div class=\"elementor-widget-wrap elementor-element-populated\">\n\t\t\t\t\t\t\t\t<div class=\"elementor-element elementor-element-f3a16da elementor-widget elementor-widget-heading\" data-id=\"f3a16da\" data-element_type=\"widget\" data-widget_type=\"heading.default\">\n\t\t\t\t<div class=\"elementor-widget-container\">\n\t\t\t<h3 class=\"elementor-heading-title elementor-size-default\">Teppiche f\u00fcr Veranstaltungen auf Mallorca<\/h3>\t\t<\/div>\n\t\t\t\t<\/div>\n\t\t\t\t<div class=\"elementor-element elementor-element-56ab20d elementor-widget elementor-widget-text-editor\" data-id=\"56ab20d\" data-element_type=\"widget\" data-widget_type=\"text-editor.default\">\n\t\t\t\t<div class=\"elementor-widget-container\">\n\t\t\t\t\t\t\t<p><span style=\"font-weight: 400;\">Unabh\u00e4ngig von der Art der Veranstaltung, die Sie auf Mallorca organisieren, passen sich unsere Teppiche dem Anlass an. Von Firmenpr\u00e4sentationen bis hin zu Themenveranstaltungen bieten unsere Teppichoptionen Vielseitigkeit und Eleganz. Bei TRUI ESTRUCTURAS ist es uns ein Anliegen, Ihnen L\u00f6sungen zu bieten, die Ihre Vision widerspiegeln und Ihre Veranstaltungen unvergesslich machen.<\/span><\/p>\n\t\t\t\t\t\t<\/div>\n\t\t\t\t<\/div>\n\t\t\t\t\t<\/div>\n\t\t<\/div>\n\t\t\t\t\t\t\t<\/div>\n\t\t<\/section>\n\t\t\t\t<section class=\"elementor-section elementor-top-section elementor-element elementor-element-a745eaa elementor-section-boxed elementor-section-height-default elementor-section-height-default\" data-id=\"a745eaa\" data-element_type=\"section\">\n\t\t\t\t\t\t<div class=\"elementor-container elementor-column-gap-default\">\n\t\t\t\t\t<div class=\"elementor-column elementor-col-100 elementor-top-column elementor-element elementor-element-a8abfec\" data-id=\"a8abfec\" data-element_type=\"column\">\n\t\t\t<div class=\"elementor-widget-wrap elementor-element-populated\">\n\t\t\t\t\t\t\t\t<div class=\"elementor-element elementor-element-f174c78 elementor-widget elementor-widget-heading\" data-id=\"f174c78\" data-element_type=\"widget\" data-widget_type=\"heading.default\">\n\t\t\t\t<div class=\"elementor-widget-container\">\n\t\t\t<h2 class=\"elementor-heading-title elementor-size-default\">Mehr als Teppiche: Ihr Partner f\u00fcr Events auf Mallorca<\/h2>\t\t<\/div>\n\t\t\t\t<\/div>\n\t\t\t\t<div class=\"elementor-element elementor-element-9f36f15 elementor-widget elementor-widget-text-editor\" data-id=\"9f36f15\" data-element_type=\"widget\" data-widget_type=\"text-editor.default\">\n\t\t\t\t<div class=\"elementor-widget-container\">\n\t\t\t\t\t\t\t<p><span style=\"font-weight: 400;\">Neben der Vermietung und Verlegung von Teppichen bieten wir ein umfassendes Leistungsspektrum an, vom Materialverkauf bis hin zur Beratung und Montage verschiedener Bauten auf Mallorca, Ibiza, Menorca und Formentera. Kontaktieren Sie uns telefonisch oder \u00fcber unser Webformular, um alle verf\u00fcgbaren Optionen f\u00fcr die perfekte Veranstaltung zu erkunden.<\/span><\/p>\n\t\t\t\t\t\t<\/div>\n\t\t\t\t<\/div>\n\t\t\t\t<div class=\"elementor-element elementor-element-f6dde56 elementor-align-center elementor-widget elementor-widget-button\" data-id=\"f6dde56\" data-element_type=\"widget\" data-widget_type=\"button.default\">\n\t\t\t\t<div class=\"elementor-widget-container\">\n\t\t\t\t\t<div class=\"elementor-button-wrapper icon_align_\">\n\t\t\t<a href=\"\/de\/truiestructuras\/contacto\/\" class=\"elementor-button-link elementor-button elementor-size-sm\" role=\"button\">\n\t\t\t\t\t\t<span class=\"elementor-button-content-wrapper\">\n\t\t\t\t\t\t<span class=\"elementor-button-text\">Fordern Sie ein Angebot an<\/span>\n\t\t<\/span>\n\t\t\t\t\t<\/a>\n\t\t<\/div>\n\t\t\t\t<\/div>\n\t\t\t\t<\/div>\n\t\t\t\t\t<\/div>\n\t\t<\/div>\n\t\t\t\t\t\t\t<\/div>\n\t\t<\/section>\n\t\t\t\t\t\t\t<\/div>","protected":false},"excerpt":{"rendered":"<p>Alquiler de Moqueta para Eventos: Elegancia y Comodidad En TRUI ESTRUCTURAS, ofrecemos una amplia gama de moquetas para eventos en Mallorca. Nuestra variedad de colores y estilos te permite revestir los suelos y a\u00f1adir un toque distintivo a tu evento, creando un ambiente acogedor y sofisticado. Instalaci\u00f3n de Moquetas para eventos personalizada Nuestro servicio de<\/p>","protected":false},"author":1,"featured_media":0,"parent":1501,"menu_order":0,"comment_status":"closed","ping_status":"closed","template":"","meta":{"om_disable_all_campaigns":false,"_mi_skip_tracking":false,"_monsterinsights_sitenote_active":false,"_monsterinsights_sitenote_note":"","_monsterinsights_sitenote_category":0},"yoast_head":"<!-- This site is optimized with the Yoast SEO plugin v20.4 - https:\/\/yoast.com\/wordpress\/plugins\/seo\/ -->\n<title>Moquetas para Eventos en Mallorca - Trui Estructuras<\/title>\n<meta name=\"description\" content=\"Alquiler e instalaci\u00f3n de moquetas para eventos en Mallorca. A\u00f1ade elegancia y confort a tus espacios con nuestras soluciones.\" \/>\n<meta name=\"robots\" content=\"index, follow, max-snippet:-1, max-image-preview:large, max-video-preview:-1\" \/>\n<link rel=\"canonical\" href=\"https:\/\/truiestructuras.es\/de\/produkte\/teppiche\/\" \/>\n<meta property=\"og:locale\" content=\"de_DE\" \/>\n<meta property=\"og:type\" content=\"article\" \/>\n<meta property=\"og:title\" content=\"Moquetas para Eventos en Mallorca - Trui Estructuras\" \/>\n<meta property=\"og:description\" content=\"Alquiler e instalaci\u00f3n de moquetas para eventos en Mallorca. A\u00f1ade elegancia y confort a tus espacios con nuestras soluciones.\" \/>\n<meta property=\"og:url\" content=\"https:\/\/truiestructuras.es\/de\/produkte\/teppiche\/\" \/>\n<meta property=\"og:site_name\" content=\"Trui Estructuras\" \/>\n<meta property=\"article:modified_time\" content=\"2023-08-08T11:43:59+00:00\" \/>\n<meta property=\"og:image\" content=\"https:\/\/truiestructuras.es\/wp-content\/uploads\/2022\/10\/moqueta-1-540x371-1.jpg\" \/>\n<meta name=\"twitter:card\" content=\"summary_large_image\" \/>\n<meta name=\"twitter:label1\" content=\"Gesch\u00e4tzte Lesezeit\" \/>\n\t<meta name=\"twitter:data1\" content=\"3 Minuten\" \/>\n<script type=\"application\/ld+json\" class=\"yoast-schema-graph\">{\"@context\":\"https:\/\/schema.org\",\"@graph\":[{\"@type\":\"WebPage\",\"@id\":\"https:\/\/truiestructuras.es\/productos\/moquetas\/\",\"url\":\"https:\/\/truiestructuras.es\/productos\/moquetas\/\",\"name\":\"Moquetas para Eventos en Mallorca - Trui Estructuras\",\"isPartOf\":{\"@id\":\"https:\/\/truiestructuras.es\/#website\"},\"datePublished\":\"2022-10-05T21:37:14+00:00\",\"dateModified\":\"2023-08-08T11:43:59+00:00\",\"description\":\"Alquiler e instalaci\u00f3n de moquetas para eventos en Mallorca. A\u00f1ade elegancia y confort a tus espacios con nuestras soluciones.\",\"breadcrumb\":{\"@id\":\"https:\/\/truiestructuras.es\/productos\/moquetas\/#breadcrumb\"},\"inLanguage\":\"de-DE\",\"potentialAction\":[{\"@type\":\"ReadAction\",\"target\":[\"https:\/\/truiestructuras.es\/productos\/moquetas\/\"]}]},{\"@type\":\"BreadcrumbList\",\"@id\":\"https:\/\/truiestructuras.es\/productos\/moquetas\/#breadcrumb\",\"itemListElement\":[{\"@type\":\"ListItem\",\"position\":1,\"name\":\"Portada\",\"item\":\"https:\/\/truiestructuras.es\/\"},{\"@type\":\"ListItem\",\"position\":2,\"name\":\"Nuestros Tipos de Estructuras para Eventos\",\"item\":\"https:\/\/truiestructuras.es\/productos\/\"},{\"@type\":\"ListItem\",\"position\":3,\"name\":\"Moquetas para Eventos en Mallorca\"}]},{\"@type\":\"WebSite\",\"@id\":\"https:\/\/truiestructuras.es\/#website\",\"url\":\"https:\/\/truiestructuras.es\/\",\"name\":\"Trui Estructuras\",\"description\":\"Estructuras para Eventos en Mallorca\",\"potentialAction\":[{\"@type\":\"SearchAction\",\"target\":{\"@type\":\"EntryPoint\",\"urlTemplate\":\"https:\/\/truiestructuras.es\/?s={search_term_string}\"},\"query-input\":\"required name=search_term_string\"}],\"inLanguage\":\"de-DE\"}]}<\/script>\n<!-- \/ Yoast SEO plugin. -->","yoast_head_json":{"title":"Moquetas para Eventos en Mallorca - Trui Estructuras","description":"Alquiler e instalaci\u00f3n de moquetas para eventos en Mallorca. A\u00f1ade elegancia y confort a tus espacios con nuestras soluciones.","robots":{"index":"index","follow":"follow","max-snippet":"max-snippet:-1","max-image-preview":"max-image-preview:large","max-video-preview":"max-video-preview:-1"},"canonical":"https:\/\/truiestructuras.es\/de\/produkte\/teppiche\/","og_locale":"de_DE","og_type":"article","og_title":"Moquetas para Eventos en Mallorca - Trui Estructuras","og_description":"Alquiler e instalaci\u00f3n de moquetas para eventos en Mallorca. A\u00f1ade elegancia y confort a tus espacios con nuestras soluciones.","og_url":"https:\/\/truiestructuras.es\/de\/produkte\/teppiche\/","og_site_name":"Trui Estructuras","article_modified_time":"2023-08-08T11:43:59+00:00","og_image":[{"url":"https:\/\/truiestructuras.es\/wp-content\/uploads\/2022\/10\/moqueta-1-540x371-1.jpg"}],"twitter_card":"summary_large_image","twitter_misc":{"Gesch\u00e4tzte Lesezeit":"3 Minuten"},"schema":{"@context":"https:\/\/schema.org","@graph":[{"@type":"WebPage","@id":"https:\/\/truiestructuras.es\/productos\/moquetas\/","url":"https:\/\/truiestructuras.es\/productos\/moquetas\/","name":"Moquetas para Eventos en Mallorca - Trui Estructuras","isPartOf":{"@id":"https:\/\/truiestructuras.es\/#website"},"datePublished":"2022-10-05T21:37:14+00:00","dateModified":"2023-08-08T11:43:59+00:00","description":"Alquiler e instalaci\u00f3n de moquetas para eventos en Mallorca. A\u00f1ade elegancia y confort a tus espacios con nuestras soluciones.","breadcrumb":{"@id":"https:\/\/truiestructuras.es\/productos\/moquetas\/#breadcrumb"},"inLanguage":"de-DE","potentialAction":[{"@type":"ReadAction","target":["https:\/\/truiestructuras.es\/productos\/moquetas\/"]}]},{"@type":"BreadcrumbList","@id":"https:\/\/truiestructuras.es\/productos\/moquetas\/#breadcrumb","itemListElement":[{"@type":"ListItem","position":1,"name":"Portada","item":"https:\/\/truiestructuras.es\/"},{"@type":"ListItem","position":2,"name":"Nuestros Tipos de Estructuras para Eventos","item":"https:\/\/truiestructuras.es\/productos\/"},{"@type":"ListItem","position":3,"name":"Moquetas para Eventos en Mallorca"}]},{"@type":"WebSite","@id":"https:\/\/truiestructuras.es\/#website","url":"https:\/\/truiestructuras.es\/","name":"Trui Estructuras","description":"Estructuras para Eventos en Mallorca","potentialAction":[{"@type":"SearchAction","target":{"@type":"EntryPoint","urlTemplate":"https:\/\/truiestructuras.es\/?s={search_term_string}"},"query-input":"required name=search_term_string"}],"inLanguage":"de-DE"}]}},"_links":{"self":[{"href":"https:\/\/truiestructuras.es\/de\/wp-json\/wp\/v2\/pages\/7465"}],"collection":[{"href":"https:\/\/truiestructuras.es\/de\/wp-json\/wp\/v2\/pages"}],"about":[{"href":"https:\/\/truiestructuras.es\/de\/wp-json\/wp\/v2\/types\/page"}],"author":[{"embeddable":true,"href":"https:\/\/truiestructuras.es\/de\/wp-json\/wp\/v2\/users\/1"}],"replies":[{"embeddable":true,"href":"https:\/\/truiestructuras.es\/de\/wp-json\/wp\/v2\/comments?post=7465"}],"version-history":[{"count":23,"href":"https:\/\/truiestructuras.es\/de\/wp-json\/wp\/v2\/pages\/7465\/revisions"}],"predecessor-version":[{"id":8417,"href":"https:\/\/truiestructuras.es\/de\/wp-json\/wp\/v2\/pages\/7465\/revisions\/8417"}],"up":[{"embeddable":true,"href":"https:\/\/truiestructuras.es\/de\/wp-json\/wp\/v2\/pages\/1501"}],"wp:attachment":[{"href":"https:\/\/truiestructuras.es\/de\/wp-json\/wp\/v2\/media?parent=7465"}],"curies":[{"name":"wp","href":"https:\/\/api.w.org\/{rel}","templated":true}]}}