{"id":7427,"date":"2022-10-05T21:12:43","date_gmt":"2022-10-05T21:12:43","guid":{"rendered":"https:\/\/truiestructuras.es\/?page_id=7427"},"modified":"2023-08-08T11:27:39","modified_gmt":"2023-08-08T11:27:39","slug":"tarimas","status":"publish","type":"page","link":"https:\/\/truiestructuras.es\/es_es\/productos\/tarimas\/","title":{"rendered":"Tarimas para eventos"},"content":{"rendered":"\t\t<div data-elementor-type=\"wp-page\" data-elementor-id=\"7427\" class=\"elementor elementor-7427\">\n\t\t\t\t\t\t\t\t\t<section class=\"elementor-section elementor-top-section elementor-element elementor-element-60f2d74 elementor-section-boxed elementor-section-height-default elementor-section-height-default\" data-id=\"60f2d74\" data-element_type=\"section\" data-settings=\"{&quot;background_background&quot;:&quot;classic&quot;}\">\n\t\t\t\t\t\t<div class=\"elementor-container elementor-column-gap-default\">\n\t\t\t\t\t<div class=\"elementor-column elementor-col-100 elementor-top-column elementor-element elementor-element-7e9da86\" data-id=\"7e9da86\" data-element_type=\"column\">\n\t\t\t<div class=\"elementor-widget-wrap elementor-element-populated\">\n\t\t\t\t\t\t\t\t<div class=\"elementor-element elementor-element-e6f7f35 elementor-widget elementor-widget-heading\" data-id=\"e6f7f35\" data-element_type=\"widget\" data-widget_type=\"heading.default\">\n\t\t\t\t<div class=\"elementor-widget-container\">\n\t\t\t<style>\/*! elementor - v3.7.8 - 02-10-2022 *\/\n.elementor-heading-title{padding:0;margin:0;line-height:1}.elementor-widget-heading .elementor-heading-title[class*=elementor-size-]>a{color:inherit;font-size:inherit;line-height:inherit}.elementor-widget-heading .elementor-heading-title.elementor-size-small{font-size:15px}.elementor-widget-heading .elementor-heading-title.elementor-size-medium{font-size:19px}.elementor-widget-heading .elementor-heading-title.elementor-size-large{font-size:29px}.elementor-widget-heading .elementor-heading-title.elementor-size-xl{font-size:39px}.elementor-widget-heading .elementor-heading-title.elementor-size-xxl{font-size:59px}<\/style><h2 class=\"elementor-heading-title elementor-size-default\">Instalaci\u00f3n de Tarimas para Eventos en Mallorca<\/h2>\t\t<\/div>\n\t\t\t\t<\/div>\n\t\t\t\t<div class=\"elementor-element elementor-element-85ed163 elementor-widget elementor-widget-text-editor\" data-id=\"85ed163\" data-element_type=\"widget\" data-widget_type=\"text-editor.default\">\n\t\t\t\t<div class=\"elementor-widget-container\">\n\t\t\t<style>\/*! elementor - v3.7.8 - 02-10-2022 *\/\n.elementor-widget-text-editor.elementor-drop-cap-view-stacked .elementor-drop-cap{background-color:#818a91;color:#fff}.elementor-widget-text-editor.elementor-drop-cap-view-framed .elementor-drop-cap{color:#818a91;border:3px solid;background-color:transparent}.elementor-widget-text-editor:not(.elementor-drop-cap-view-default) .elementor-drop-cap{margin-top:8px}.elementor-widget-text-editor:not(.elementor-drop-cap-view-default) .elementor-drop-cap-letter{width:1em;height:1em}.elementor-widget-text-editor .elementor-drop-cap{float:left;text-align:center;line-height:1;font-size:50px}.elementor-widget-text-editor .elementor-drop-cap-letter{display:inline-block}<\/style>\t\t\t\t<p><span style=\"font-weight: 400;\">En TRUI ESTRUCTURAS, ofrecemos un servicio completo de alquiler y montaje de tarimas en Mallorca. Desde presentaciones hasta conferencias y charlas, nuestras tarimas proporcionan la base perfecta para tus eventos, elevando la experiencia de tus asistentes con estilo y profesionalismo.<\/span><\/p>\n<p><span style=\"font-weight: 400;\">Nuestro cat\u00e1logo incluye una amplia variedad de tarimas en diferentes modelos, tama\u00f1os y alturas, dise\u00f1adas para adaptarse a cualquier tipo de evento. Desde tarimas rosco y tarimas ferial hasta tarimas de baile, te ofrecemos opciones vers\u00e1tiles que cumplen con tus necesidades y a\u00f1aden un toque de elegancia a tus presentaciones.<\/span><\/p>\n\t\t\t\t\t\t<\/div>\n\t\t\t\t<\/div>\n\t\t\t\t\t<\/div>\n\t\t<\/div>\n\t\t\t\t\t\t\t<\/div>\n\t\t<\/section>\n\t\t\t\t<section class=\"elementor-section elementor-top-section elementor-element elementor-element-f1a763f elementor-section-boxed elementor-section-height-default elementor-section-height-default\" data-id=\"f1a763f\" data-element_type=\"section\">\n\t\t\t\t\t\t<div class=\"elementor-container elementor-column-gap-default\">\n\t\t\t\t\t<div class=\"elementor-column elementor-col-100 elementor-top-column elementor-element elementor-element-9b37052\" data-id=\"9b37052\" data-element_type=\"column\">\n\t\t\t<div class=\"elementor-widget-wrap elementor-element-populated\">\n\t\t\t\t\t\t\t\t<div class=\"elementor-element elementor-element-a02e099 elementor-widget elementor-widget-heading\" data-id=\"a02e099\" data-element_type=\"widget\" data-widget_type=\"heading.default\">\n\t\t\t\t<div class=\"elementor-widget-container\">\n\t\t\t<h2 class=\"elementor-heading-title elementor-size-default\">Montaje de Tarimas en Mallorca: Personalizaci\u00f3n y Calidad<\/h2>\t\t<\/div>\n\t\t\t\t<\/div>\n\t\t\t\t<div class=\"elementor-element elementor-element-6ab91aa elementor-widget elementor-widget-text-editor\" data-id=\"6ab91aa\" data-element_type=\"widget\" data-widget_type=\"text-editor.default\">\n\t\t\t\t<div class=\"elementor-widget-container\">\n\t\t\t\t\t\t\t<p><span style=\"font-weight: 400;\">En TRUI ESTRUCTURAS, entendemos la importancia de personalizar tus eventos. Por eso, nuestras tarimas pueden ser cubiertas con moqueta de color o parquet, brindando un aspecto sofisticado y adaptado a tu estilo. Con a\u00f1os de experiencia en el montaje de tarimas en Mallorca, estamos comprometidos en proporcionarte soluciones de alta calidad que realzan la atm\u00f3sfera de tus eventos.<\/span><\/p>\n\t\t\t\t\t\t<\/div>\n\t\t\t\t<\/div>\n\t\t\t\t\t<\/div>\n\t\t<\/div>\n\t\t\t\t\t\t\t<\/div>\n\t\t<\/section>\n\t\t\t\t<section class=\"elementor-section elementor-top-section elementor-element elementor-element-666bbf9 elementor-section-boxed elementor-section-height-default elementor-section-height-default\" data-id=\"666bbf9\" data-element_type=\"section\" data-settings=\"{&quot;background_background&quot;:&quot;classic&quot;}\">\n\t\t\t\t\t\t<div class=\"elementor-container elementor-column-gap-default\">\n\t\t\t\t\t<div class=\"elementor-column elementor-col-50 elementor-top-column elementor-element elementor-element-8afdadc\" data-id=\"8afdadc\" data-element_type=\"column\">\n\t\t\t<div class=\"elementor-widget-wrap elementor-element-populated\">\n\t\t\t\t\t\t\t\t<div class=\"elementor-element elementor-element-dafc3b3 elementor-pagination-position-outside elementor-widget elementor-widget-image-carousel\" data-id=\"dafc3b3\" data-element_type=\"widget\" data-settings=\"{&quot;slides_to_show&quot;:&quot;1&quot;,&quot;navigation&quot;:&quot;dots&quot;,&quot;autoplay&quot;:&quot;yes&quot;,&quot;pause_on_hover&quot;:&quot;yes&quot;,&quot;pause_on_interaction&quot;:&quot;yes&quot;,&quot;autoplay_speed&quot;:5000,&quot;infinite&quot;:&quot;yes&quot;,&quot;effect&quot;:&quot;slide&quot;,&quot;speed&quot;:500}\" data-widget_type=\"image-carousel.default\">\n\t\t\t\t<div class=\"elementor-widget-container\">\n\t\t\t<style>\/*! elementor - v3.7.8 - 02-10-2022 *\/\n.elementor-widget-image-carousel .swiper-container{position:static}.elementor-widget-image-carousel .swiper-container .swiper-slide figure{line-height:inherit}.elementor-widget-image-carousel .swiper-slide{text-align:center}.elementor-image-carousel-wrapper:not(.swiper-container-initialized) .swiper-slide{max-width:calc(100% \/ var(--e-image-carousel-slides-to-show, 3))}<\/style>\t\t<div class=\"elementor-image-carousel-wrapper swiper-container\" dir=\"ltr\">\n\t\t\t<div class=\"elementor-image-carousel swiper-wrapper swiper-image-stretch\">\n\t\t\t\t\t\t\t\t<div class=\"swiper-slide\"><figure class=\"swiper-slide-inner\"><img class=\"swiper-slide-image\" src=\"https:\/\/truiestructuras.es\/wp-content\/uploads\/2022\/10\/tarima-rosco-1-540x371-1.jpg\" alt=\"tarimas para eventos baleares\" \/><\/figure><\/div><div class=\"swiper-slide\"><figure class=\"swiper-slide-inner\"><img class=\"swiper-slide-image\" src=\"https:\/\/truiestructuras.es\/wp-content\/uploads\/2022\/10\/tarima-rosco-2-540x371-1.jpg\" alt=\"tarimas para eventos baleares\" \/><\/figure><\/div><div class=\"swiper-slide\"><figure class=\"swiper-slide-inner\"><img class=\"swiper-slide-image\" src=\"https:\/\/truiestructuras.es\/wp-content\/uploads\/2022\/10\/tarima-rosco-3-540x371-1.jpg\" alt=\"tarimas para eventos baleares\" \/><\/figure><\/div>\t\t\t<\/div>\n\t\t\t\t\t\t\t\t\t\t\t\t<div class=\"swiper-pagination\"><\/div>\n\t\t\t\t\t\t\t\t\t\t\t\t\t<\/div>\n\t\t\t\t<\/div>\n\t\t\t\t<\/div>\n\t\t\t\t\t<\/div>\n\t\t<\/div>\n\t\t\t\t<div class=\"elementor-column elementor-col-50 elementor-top-column elementor-element elementor-element-a22e818\" data-id=\"a22e818\" data-element_type=\"column\">\n\t\t\t<div class=\"elementor-widget-wrap elementor-element-populated\">\n\t\t\t\t\t\t\t\t<div class=\"elementor-element elementor-element-4cf8b83 elementor-widget elementor-widget-heading\" data-id=\"4cf8b83\" data-element_type=\"widget\" data-widget_type=\"heading.default\">\n\t\t\t\t<div class=\"elementor-widget-container\">\n\t\t\t<h3 class=\"elementor-heading-title elementor-size-default\">TARIMA ROSCO<\/h3>\t\t<\/div>\n\t\t\t\t<\/div>\n\t\t\t\t<div class=\"elementor-element elementor-element-21a8a37 elementor-widget elementor-widget-text-editor\" data-id=\"21a8a37\" data-element_type=\"widget\" data-widget_type=\"text-editor.default\">\n\t\t\t\t<div class=\"elementor-widget-container\">\n\t\t\t\t\t\t\t<p>Recomendada para fiestas y eventos.<\/p>\n<h4>Caracter\u00edsticas de la Tarima:<\/h4>\n<ul>\n<li>Plataforma tipo pata intercambiable que tiene un fuerte marco de aluminio de alta resistencia de 10 cm de altura.<\/li>\n<li>Compuesta por m\u00f3dulos de 2&#215;1 metros y regulables en altura.<\/li>\n<li>Soporta una carga de 750 kg\/m\u00ba.<\/li>\n<\/ul>\n\t\t\t\t\t\t<\/div>\n\t\t\t\t<\/div>\n\t\t\t\t\t<\/div>\n\t\t<\/div>\n\t\t\t\t\t\t\t<\/div>\n\t\t<\/section>\n\t\t\t\t<section class=\"elementor-section elementor-top-section elementor-element elementor-element-3206aff elementor-section-boxed elementor-section-height-default elementor-section-height-default\" data-id=\"3206aff\" data-element_type=\"section\" data-settings=\"{&quot;background_background&quot;:&quot;classic&quot;}\">\n\t\t\t\t\t\t<div class=\"elementor-container elementor-column-gap-default\">\n\t\t\t\t\t<div class=\"elementor-column elementor-col-50 elementor-top-column elementor-element elementor-element-4f9a361\" data-id=\"4f9a361\" data-element_type=\"column\">\n\t\t\t<div class=\"elementor-widget-wrap elementor-element-populated\">\n\t\t\t\t\t\t\t\t<div class=\"elementor-element elementor-element-c7331f7 elementor-pagination-position-outside elementor-widget elementor-widget-image-carousel\" data-id=\"c7331f7\" data-element_type=\"widget\" data-settings=\"{&quot;slides_to_show&quot;:&quot;1&quot;,&quot;navigation&quot;:&quot;dots&quot;,&quot;autoplay&quot;:&quot;yes&quot;,&quot;pause_on_hover&quot;:&quot;yes&quot;,&quot;pause_on_interaction&quot;:&quot;yes&quot;,&quot;autoplay_speed&quot;:5000,&quot;infinite&quot;:&quot;yes&quot;,&quot;effect&quot;:&quot;slide&quot;,&quot;speed&quot;:500}\" data-widget_type=\"image-carousel.default\">\n\t\t\t\t<div class=\"elementor-widget-container\">\n\t\t\t\t\t<div class=\"elementor-image-carousel-wrapper swiper-container\" dir=\"ltr\">\n\t\t\t<div class=\"elementor-image-carousel swiper-wrapper swiper-image-stretch\">\n\t\t\t\t\t\t\t\t<div class=\"swiper-slide\"><figure class=\"swiper-slide-inner\"><img class=\"swiper-slide-image\" src=\"https:\/\/truiestructuras.es\/wp-content\/uploads\/2022\/10\/tarima-madera-1-540x371-1.jpg\" alt=\"alquiler tarimas para ferias\" \/><\/figure><\/div><div class=\"swiper-slide\"><figure class=\"swiper-slide-inner\"><img class=\"swiper-slide-image\" src=\"https:\/\/truiestructuras.es\/wp-content\/uploads\/2022\/10\/tarima-madera-2-540x371-1.jpg\" alt=\"alquiler tarimas para ferias\" \/><\/figure><\/div><div class=\"swiper-slide\"><figure class=\"swiper-slide-inner\"><img class=\"swiper-slide-image\" src=\"https:\/\/truiestructuras.es\/wp-content\/uploads\/2022\/10\/tarima-madera-3-540x371-1.jpg\" alt=\"alquiler tarimas para ferias\" \/><\/figure><\/div>\t\t\t<\/div>\n\t\t\t\t\t\t\t\t\t\t\t\t<div class=\"swiper-pagination\"><\/div>\n\t\t\t\t\t\t\t\t\t\t\t\t\t<\/div>\n\t\t\t\t<\/div>\n\t\t\t\t<\/div>\n\t\t\t\t\t<\/div>\n\t\t<\/div>\n\t\t\t\t<div class=\"elementor-column elementor-col-50 elementor-top-column elementor-element elementor-element-3c8b396\" data-id=\"3c8b396\" data-element_type=\"column\">\n\t\t\t<div class=\"elementor-widget-wrap elementor-element-populated\">\n\t\t\t\t\t\t\t\t<div class=\"elementor-element elementor-element-5aa6234 elementor-widget elementor-widget-heading\" data-id=\"5aa6234\" data-element_type=\"widget\" data-widget_type=\"heading.default\">\n\t\t\t\t<div class=\"elementor-widget-container\">\n\t\t\t<h3 class=\"elementor-heading-title elementor-size-default\">TARIMA FERIAL<\/h3>\t\t<\/div>\n\t\t\t\t<\/div>\n\t\t\t\t<div class=\"elementor-element elementor-element-fb2a4b3 elementor-widget elementor-widget-text-editor\" data-id=\"fb2a4b3\" data-element_type=\"widget\" data-widget_type=\"text-editor.default\">\n\t\t\t\t<div class=\"elementor-widget-container\">\n\t\t\t\t\t\t\t<p>Recomendada para ferias y eventos.<\/p>\n<h4>Caracter\u00edsticas de la Tarima:<\/h4>\n<ul>\n<li>Plataforma de madera de 8cm de alto.<\/li>\n<li>Apta para cubrir cualquier superficie, adaptable a todas las medidas y posibilidad de cubrir superficies de gran tama\u00f1o.<\/li>\n<\/ul>\n\t\t\t\t\t\t<\/div>\n\t\t\t\t<\/div>\n\t\t\t\t\t<\/div>\n\t\t<\/div>\n\t\t\t\t\t\t\t<\/div>\n\t\t<\/section>\n\t\t\t\t<section class=\"elementor-section elementor-top-section elementor-element elementor-element-b377ecd elementor-section-boxed elementor-section-height-default elementor-section-height-default\" data-id=\"b377ecd\" data-element_type=\"section\" data-settings=\"{&quot;background_background&quot;:&quot;classic&quot;}\">\n\t\t\t\t\t\t<div class=\"elementor-container elementor-column-gap-default\">\n\t\t\t\t\t<div class=\"elementor-column elementor-col-50 elementor-top-column elementor-element elementor-element-43b95ea\" data-id=\"43b95ea\" data-element_type=\"column\">\n\t\t\t<div class=\"elementor-widget-wrap elementor-element-populated\">\n\t\t\t\t\t\t\t\t<div class=\"elementor-element elementor-element-ec33c63 elementor-pagination-position-outside elementor-widget elementor-widget-image-carousel\" data-id=\"ec33c63\" data-element_type=\"widget\" data-settings=\"{&quot;slides_to_show&quot;:&quot;1&quot;,&quot;navigation&quot;:&quot;dots&quot;,&quot;autoplay&quot;:&quot;yes&quot;,&quot;pause_on_hover&quot;:&quot;yes&quot;,&quot;pause_on_interaction&quot;:&quot;yes&quot;,&quot;autoplay_speed&quot;:5000,&quot;infinite&quot;:&quot;yes&quot;,&quot;effect&quot;:&quot;slide&quot;,&quot;speed&quot;:500}\" data-widget_type=\"image-carousel.default\">\n\t\t\t\t<div class=\"elementor-widget-container\">\n\t\t\t\t\t<div class=\"elementor-image-carousel-wrapper swiper-container\" dir=\"ltr\">\n\t\t\t<div class=\"elementor-image-carousel swiper-wrapper swiper-image-stretch\">\n\t\t\t\t\t\t\t\t<div class=\"swiper-slide\"><figure class=\"swiper-slide-inner\"><img class=\"swiper-slide-image\" src=\"https:\/\/truiestructuras.es\/wp-content\/uploads\/2022\/10\/tarima-baile-1-540x371-1.jpg\" alt=\"alquiler de tarimas bailes\" \/><\/figure><\/div><div class=\"swiper-slide\"><figure class=\"swiper-slide-inner\"><img class=\"swiper-slide-image\" src=\"https:\/\/truiestructuras.es\/wp-content\/uploads\/2022\/10\/tarima-baile-2-540x371-1.jpg\" alt=\"alquiler de tarimas bailes\" \/><\/figure><\/div>\t\t\t<\/div>\n\t\t\t\t\t\t\t\t\t\t\t\t<div class=\"swiper-pagination\"><\/div>\n\t\t\t\t\t\t\t\t\t\t\t\t\t<\/div>\n\t\t\t\t<\/div>\n\t\t\t\t<\/div>\n\t\t\t\t\t<\/div>\n\t\t<\/div>\n\t\t\t\t<div class=\"elementor-column elementor-col-50 elementor-top-column elementor-element elementor-element-c9214cc\" data-id=\"c9214cc\" data-element_type=\"column\">\n\t\t\t<div class=\"elementor-widget-wrap elementor-element-populated\">\n\t\t\t\t\t\t\t\t<div class=\"elementor-element elementor-element-f3a16da elementor-widget elementor-widget-heading\" data-id=\"f3a16da\" data-element_type=\"widget\" data-widget_type=\"heading.default\">\n\t\t\t\t<div class=\"elementor-widget-container\">\n\t\t\t<h3 class=\"elementor-heading-title elementor-size-default\">TARIMA BAILE<\/h3>\t\t<\/div>\n\t\t\t\t<\/div>\n\t\t\t\t<div class=\"elementor-element elementor-element-56ab20d elementor-widget elementor-widget-text-editor\" data-id=\"56ab20d\" data-element_type=\"widget\" data-widget_type=\"text-editor.default\">\n\t\t\t\t<div class=\"elementor-widget-container\">\n\t\t\t\t\t\t\t<p>Recomendada para fiestas, bodas y ceremonias.<\/p>\n<h4>Caracter\u00edsticas de la Tarima:<\/h4>\n<ul>\n<li>Disponemos de tarimas para pistas de baile y tarimas flamenco especiales para la optimizaci\u00f3n del sonido.<\/li>\n<\/ul>\n\t\t\t\t\t\t<\/div>\n\t\t\t\t<\/div>\n\t\t\t\t\t<\/div>\n\t\t<\/div>\n\t\t\t\t\t\t\t<\/div>\n\t\t<\/section>\n\t\t\t\t<section class=\"elementor-section elementor-top-section elementor-element elementor-element-a745eaa elementor-section-boxed elementor-section-height-default elementor-section-height-default\" data-id=\"a745eaa\" data-element_type=\"section\">\n\t\t\t\t\t\t<div class=\"elementor-container elementor-column-gap-default\">\n\t\t\t\t\t<div class=\"elementor-column elementor-col-100 elementor-top-column elementor-element elementor-element-a8abfec\" data-id=\"a8abfec\" data-element_type=\"column\">\n\t\t\t<div class=\"elementor-widget-wrap elementor-element-populated\">\n\t\t\t\t\t\t\t\t<div class=\"elementor-element elementor-element-9f36f15 elementor-widget elementor-widget-text-editor\" data-id=\"9f36f15\" data-element_type=\"widget\" data-widget_type=\"text-editor.default\">\n\t\t\t\t<div class=\"elementor-widget-container\">\n\t\t\t\t\t\t\t<p>Con el objetivo de proporcionar a nuestros clientes todo lo necesario para su espect\u00e1culo o evento en Mallorca, adem\u00e1s de tarimas tambi\u00e9n tenemos en nuestro cat\u00e1logo de productos carpas, stands, TRUSS, mobiliario, decoraci\u00f3n y gradas. Si necesitas ayuda para elegir, ponte en contacto con nosotros, te asesoraremos.<\/p>\n<p>Tambi\u00e9n tienes disponibles otros servicios como: venta y montaje de estructuras tanto en Mallorca, como en Ibiza, Menorca y Formentera.<\/p>\n\t\t\t\t\t\t<\/div>\n\t\t\t\t<\/div>\n\t\t\t\t<div class=\"elementor-element elementor-element-f6dde56 elementor-align-center elementor-widget elementor-widget-button\" data-id=\"f6dde56\" data-element_type=\"widget\" data-widget_type=\"button.default\">\n\t\t\t\t<div class=\"elementor-widget-container\">\n\t\t\t\t\t<div class=\"elementor-button-wrapper icon_align_  \">\n\t\t\t<a href=\"\/truiestructuras\/contacto\/\" class=\"elementor-button-link elementor-button elementor-size-sm\" role=\"button\">\n\t\t\t\t\t\t<span class=\"elementor-button-content-wrapper\">\n\t\t\t\t\t\t<span class=\"elementor-button-text\">Solicitar una Cotizaci\u00f3n<\/span>\n\t\t<\/span>\n\t\t\t\t\t<\/a>\n\t\t<\/div>\n\t\t\t\t<\/div>\n\t\t\t\t<\/div>\n\t\t\t\t\t<\/div>\n\t\t<\/div>\n\t\t\t\t\t\t\t<\/div>\n\t\t<\/section>\n\t\t\t\t\t\t\t<\/div>\n\t\t","protected":false},"excerpt":{"rendered":"<p>Instalaci\u00f3n de Tarimas para Eventos en Mallorca En TRUI ESTRUCTURAS, ofrecemos un servicio completo de alquiler y montaje de tarimas en Mallorca. Desde presentaciones hasta conferencias y charlas, nuestras tarimas proporcionan la base perfecta para tus eventos, elevando la experiencia de tus asistentes con estilo y profesionalismo. Nuestro cat\u00e1logo incluye una amplia variedad de tarimas<\/p>\n","protected":false},"author":1,"featured_media":0,"parent":1501,"menu_order":0,"comment_status":"closed","ping_status":"closed","template":"","meta":{"om_disable_all_campaigns":false,"_mi_skip_tracking":false,"_monsterinsights_sitenote_active":false,"_monsterinsights_sitenote_note":"","_monsterinsights_sitenote_category":0},"yoast_head":"<!-- This site is optimized with the Yoast SEO plugin v20.4 - https:\/\/yoast.com\/wordpress\/plugins\/seo\/ -->\n<title>Tarimas para eventos - Trui Estructuras<\/title>\n<meta name=\"description\" content=\"Alquiler e instalaci\u00f3n de tarimas para eventos en Mallorca. A\u00f1ade versatilidad y profesionalismo a tus espacios.\" \/>\n<meta name=\"robots\" content=\"index, follow, max-snippet:-1, max-image-preview:large, max-video-preview:-1\" \/>\n<link rel=\"canonical\" href=\"https:\/\/truiestructuras.es\/es_es\/productos\/tarimas\/\" \/>\n<meta property=\"og:locale\" content=\"es_ES\" \/>\n<meta property=\"og:type\" content=\"article\" \/>\n<meta property=\"og:title\" content=\"Tarimas para eventos - Trui Estructuras\" \/>\n<meta property=\"og:description\" content=\"Alquiler e instalaci\u00f3n de tarimas para eventos en Mallorca. A\u00f1ade versatilidad y profesionalismo a tus espacios.\" \/>\n<meta property=\"og:url\" content=\"https:\/\/truiestructuras.es\/es_es\/productos\/tarimas\/\" \/>\n<meta property=\"og:site_name\" content=\"Trui Estructuras\" \/>\n<meta property=\"article:modified_time\" content=\"2023-08-08T11:27:39+00:00\" \/>\n<meta property=\"og:image\" content=\"https:\/\/truiestructuras.es\/wp-content\/uploads\/2022\/10\/tarima-rosco-1-540x371-1.jpg\" \/>\n<meta name=\"twitter:card\" content=\"summary_large_image\" \/>\n<meta name=\"twitter:label1\" content=\"Tiempo de lectura\" \/>\n\t<meta name=\"twitter:data1\" content=\"5 minutos\" \/>\n<script type=\"application\/ld+json\" class=\"yoast-schema-graph\">{\"@context\":\"https:\/\/schema.org\",\"@graph\":[{\"@type\":\"WebPage\",\"@id\":\"https:\/\/truiestructuras.es\/productos\/tarimas\/\",\"url\":\"https:\/\/truiestructuras.es\/productos\/tarimas\/\",\"name\":\"Tarimas para eventos - Trui Estructuras\",\"isPartOf\":{\"@id\":\"https:\/\/truiestructuras.es\/#website\"},\"datePublished\":\"2022-10-05T21:12:43+00:00\",\"dateModified\":\"2023-08-08T11:27:39+00:00\",\"description\":\"Alquiler e instalaci\u00f3n de tarimas para eventos en Mallorca. A\u00f1ade versatilidad y profesionalismo a tus espacios.\",\"breadcrumb\":{\"@id\":\"https:\/\/truiestructuras.es\/productos\/tarimas\/#breadcrumb\"},\"inLanguage\":\"es\",\"potentialAction\":[{\"@type\":\"ReadAction\",\"target\":[\"https:\/\/truiestructuras.es\/productos\/tarimas\/\"]}]},{\"@type\":\"BreadcrumbList\",\"@id\":\"https:\/\/truiestructuras.es\/productos\/tarimas\/#breadcrumb\",\"itemListElement\":[{\"@type\":\"ListItem\",\"position\":1,\"name\":\"Portada\",\"item\":\"https:\/\/truiestructuras.es\/\"},{\"@type\":\"ListItem\",\"position\":2,\"name\":\"Nuestros Tipos de Estructuras para Eventos\",\"item\":\"https:\/\/truiestructuras.es\/productos\/\"},{\"@type\":\"ListItem\",\"position\":3,\"name\":\"Tarimas para eventos\"}]},{\"@type\":\"WebSite\",\"@id\":\"https:\/\/truiestructuras.es\/#website\",\"url\":\"https:\/\/truiestructuras.es\/\",\"name\":\"Trui Estructuras\",\"description\":\"Estructuras para Eventos en Mallorca\",\"potentialAction\":[{\"@type\":\"SearchAction\",\"target\":{\"@type\":\"EntryPoint\",\"urlTemplate\":\"https:\/\/truiestructuras.es\/?s={search_term_string}\"},\"query-input\":\"required name=search_term_string\"}],\"inLanguage\":\"es\"}]}<\/script>\n<!-- \/ Yoast SEO plugin. -->","yoast_head_json":{"title":"Tarimas para eventos - Trui Estructuras","description":"Alquiler e instalaci\u00f3n de tarimas para eventos en Mallorca. A\u00f1ade versatilidad y profesionalismo a tus espacios.","robots":{"index":"index","follow":"follow","max-snippet":"max-snippet:-1","max-image-preview":"max-image-preview:large","max-video-preview":"max-video-preview:-1"},"canonical":"https:\/\/truiestructuras.es\/es_es\/productos\/tarimas\/","og_locale":"es_ES","og_type":"article","og_title":"Tarimas para eventos - Trui Estructuras","og_description":"Alquiler e instalaci\u00f3n de tarimas para eventos en Mallorca. A\u00f1ade versatilidad y profesionalismo a tus espacios.","og_url":"https:\/\/truiestructuras.es\/es_es\/productos\/tarimas\/","og_site_name":"Trui Estructuras","article_modified_time":"2023-08-08T11:27:39+00:00","og_image":[{"url":"https:\/\/truiestructuras.es\/wp-content\/uploads\/2022\/10\/tarima-rosco-1-540x371-1.jpg"}],"twitter_card":"summary_large_image","twitter_misc":{"Tiempo de lectura":"5 minutos"},"schema":{"@context":"https:\/\/schema.org","@graph":[{"@type":"WebPage","@id":"https:\/\/truiestructuras.es\/productos\/tarimas\/","url":"https:\/\/truiestructuras.es\/productos\/tarimas\/","name":"Tarimas para eventos - Trui Estructuras","isPartOf":{"@id":"https:\/\/truiestructuras.es\/#website"},"datePublished":"2022-10-05T21:12:43+00:00","dateModified":"2023-08-08T11:27:39+00:00","description":"Alquiler e instalaci\u00f3n de tarimas para eventos en Mallorca. A\u00f1ade versatilidad y profesionalismo a tus espacios.","breadcrumb":{"@id":"https:\/\/truiestructuras.es\/productos\/tarimas\/#breadcrumb"},"inLanguage":"es","potentialAction":[{"@type":"ReadAction","target":["https:\/\/truiestructuras.es\/productos\/tarimas\/"]}]},{"@type":"BreadcrumbList","@id":"https:\/\/truiestructuras.es\/productos\/tarimas\/#breadcrumb","itemListElement":[{"@type":"ListItem","position":1,"name":"Portada","item":"https:\/\/truiestructuras.es\/"},{"@type":"ListItem","position":2,"name":"Nuestros Tipos de Estructuras para Eventos","item":"https:\/\/truiestructuras.es\/productos\/"},{"@type":"ListItem","position":3,"name":"Tarimas para eventos"}]},{"@type":"WebSite","@id":"https:\/\/truiestructuras.es\/#website","url":"https:\/\/truiestructuras.es\/","name":"Trui Estructuras","description":"Estructuras para Eventos en Mallorca","potentialAction":[{"@type":"SearchAction","target":{"@type":"EntryPoint","urlTemplate":"https:\/\/truiestructuras.es\/?s={search_term_string}"},"query-input":"required name=search_term_string"}],"inLanguage":"es"}]}},"_links":{"self":[{"href":"https:\/\/truiestructuras.es\/es_es\/wp-json\/wp\/v2\/pages\/7427"}],"collection":[{"href":"https:\/\/truiestructuras.es\/es_es\/wp-json\/wp\/v2\/pages"}],"about":[{"href":"https:\/\/truiestructuras.es\/es_es\/wp-json\/wp\/v2\/types\/page"}],"author":[{"embeddable":true,"href":"https:\/\/truiestructuras.es\/es_es\/wp-json\/wp\/v2\/users\/1"}],"replies":[{"embeddable":true,"href":"https:\/\/truiestructuras.es\/es_es\/wp-json\/wp\/v2\/comments?post=7427"}],"version-history":[{"count":34,"href":"https:\/\/truiestructuras.es\/es_es\/wp-json\/wp\/v2\/pages\/7427\/revisions"}],"predecessor-version":[{"id":8405,"href":"https:\/\/truiestructuras.es\/es_es\/wp-json\/wp\/v2\/pages\/7427\/revisions\/8405"}],"up":[{"embeddable":true,"href":"https:\/\/truiestructuras.es\/es_es\/wp-json\/wp\/v2\/pages\/1501"}],"wp:attachment":[{"href":"https:\/\/truiestructuras.es\/es_es\/wp-json\/wp\/v2\/media?parent=7427"}],"curies":[{"name":"wp","href":"https:\/\/api.w.org\/{rel}","templated":true}]}}